{"id":138,"date":"2023-03-26T15:47:26","date_gmt":"2023-03-26T15:47:26","guid":{"rendered":"https:\/\/consizmir.esteri.it\/news\/"},"modified":"2023-03-29T20:28:29","modified_gmt":"2023-03-29T20:28:29","slug":"news","status":"publish","type":"page","link":"https:\/\/consizmir.esteri.it\/tr\/news\/","title":{"rendered":"Bas\u0131n"},"content":{"rendered":"        <div class=\"row\">\n\t\t\t<!-- Ricerca sedi post -->\n\t\t\t<div class=\"col-12 mt-4\">\n\t\t\t  <div class=\"callout callout-highlight note ricerca-esteri p-4\">\n                    <div class=\"callout-title\">\n                        <svg class=\"icon\">\n                            <use xlink:href=\"https:\/\/consizmir.esteri.it\/wp-content\/themes\/sedi-tema\/assets\/svg\/sprites.svg#it-search\"><\/use>\n                        <\/svg>Arama parametrelerini girin                    <\/div>\n                    <form id=\"searchFormPost\" name=\"form-search-post\" class=\"form-row align-items-center\" action=\"https:\/\/consizmir.esteri.it\/tr\/wp-json\/wp\/v2\/pages\/138\/\" method=\"GET\"> \n                        <!-- <div class=\"form-group pt-5\"> -->\n                            <!-- <input type=\"hidden\" id=\"lang\" name=\"lang\" value=\"\"> --> <!-- <\/div> -->\n\n                        <div class=\"it-datepicker-wrapper\">\n                            <div class=\"row\">\n                                <div class=\"form-group col-md-6\">\n                                    <label class=\"active\" for=\"date-init\">Ba\u015flang\u0131\u00e7<\/label>\n                                    <input class=\"form-control\" name=\"date-init\" id=\"date-init\" type=\"date\" placeholder=\"gg\/mm\/aaaa\" value=\"\"lang=\"en-EN\">  \n                                <\/div>\n                                <div class=\"form-group col-md-6\">\n                                    <label class=\"active\" for=\"date-end\">Biti\u015f<\/label>\n                                    <input class=\"form-control\" name=\"date-end\" id=\"date-end\" type=\"date\" placeholder=\"gg\/mm\/aaaa\" value=\"\">\n                                <\/div>\n                            <\/div>\n                        <\/div>\n                        <div class=\"form-group col-md-12 mt-3\">\n                            <label for=\"searchText\">Serbest arama alan\u0131<\/label>\n                            <input type=\"text\" name=\"searchText\" class=\"form-control\" id=\"searchText\" value=\"\">\n                        <\/div>\n                        <div class=\"form-group col-md-4 offset-md-8 text-end\">\n                            <a href=\"https:\/\/consizmir.esteri.it\/tr\/news\/\" title=\"Form reset\" id=\"resetImput\" class=\"btn btn-outline-primary btn-xs\">Reset<\/a>\n                            <button type=\"submit\" class=\"btn btn-primary btn-xs\">Sonu\u00e7lar\u0131 g\u00f6ster<\/button>\n                        <\/div>\n                    <\/form>\n\t\t\t\t<\/div>\n\t\t\t<\/div>\n\t\t<\/div>\n                    \n            <div class=\"row\">\n                            <div class=\"col-12 mt-3\">\n                <!--start card-->\n                <div class=\"card-wrapper card-space\">\n                    <div class=\"card card-bg card-big border-bottom-card\">\n                        <div class=\"card-body \">\n                                                        <div class=\"category-top\">\n                                                                                                            <span class=\"\">\n                                        <svg class=\"icon icon-secondary\">\n                                            <use xlink:href=\"https:\/\/consizmir.esteri.it\/wp-content\/themes\/sedi-tema\/assets\/svg\/sprites.svg#it-calendar\"><\/use>\n                                        <\/svg> Mart 11, 2026                                    <\/span>\n                                                                    <\/div>\n                            <h5 class=\"card-title big-heading text-uppercase\"><a class=\"text-body text-decoration-none\" href=\"https:\/\/consizmir.esteri.it\/tr\/news\/dal_consolato\/2026\/03\/avviso-per-la-sponsorizzazione-della-festa-nazionale-2026\/\" title=\"2026 Ulusal Bayram\u0131 i\u00e7in Sponsorluk Duyurusu\">2026 Ulusal Bayram\u0131 i\u00e7in Sponsorluk Duyurusu<\/a><\/h5>\n                            <p class=\"card-text\">\u0130zmir \u0130talya Konsoloslu\u011fu, 2026 Cumhuriyet Bayram\u0131 vesilesiyle 8 Haziran Pazartesi g\u00fcn\u00fc d\u00fczenlenecek resepsiyon i\u00e7in sponsorluk s\u00fcrecini ba\u015flatm\u0131\u015ft\u0131r. Tekliflerin g\u00f6nderilmesi i\u00e7in belirlenen son tarih 17 Nisan 2026\u2019d\u0131r. Sponsorluk i\u00e7in ihale duyurusu ile niyet beyan\u0131 formu a\u015fa\u011f\u0131da yay\u0131mlanmaktad\u0131r.<\/p>\n                                <a title=\"2026 Ulusal Bayram\u0131 i\u00e7in Sponsorluk Duyurusu\" class=\"read-more\" href=\"https:\/\/consizmir.esteri.it\/tr\/news\/dal_consolato\/2026\/03\/avviso-per-la-sponsorizzazione-della-festa-nazionale-2026\/\">\n                                    <span class=\"text\">Devam\u0131n\u0131 oku<\/span>\n                                    <svg class=\"icon\">\n                                    <use xlink:href=\"https:\/\/consizmir.esteri.it\/wp-content\/themes\/sedi-tema\/assets\/svg\/sprites.svg#it-arrow-right\"><\/use>\n                                    <\/svg>\n                                <\/a>\n                                                    <\/div>\n                    <\/div>\n                <\/div>\n                <!--end card-->\n                <\/div><!-- col-12 .mt-3-->\n                            <div class=\"col-12 mt-3\">\n                <!--start card-->\n                <div class=\"card-wrapper card-space\">\n                    <div class=\"card card-bg card-big border-bottom-card\">\n                        <div class=\"card-body \">\n                                                        <div class=\"category-top\">\n                                                                                                            <span class=\"\">\n                                        <svg class=\"icon icon-secondary\">\n                                            <use xlink:href=\"https:\/\/consizmir.esteri.it\/wp-content\/themes\/sedi-tema\/assets\/svg\/sprites.svg#it-calendar\"><\/use>\n                                        <\/svg> Mart 1, 2026                                    <\/span>\n                                                                    <\/div>\n                            <h5 class=\"card-title big-heading text-uppercase\"><a class=\"text-body text-decoration-none\" href=\"https:\/\/consizmir.esteri.it\/tr\/news\/dal_consolato\/2026\/03\/numeri-di-emergenza-per-i-cittadini-italiani-in-turchia\/\" title=\"T\u00fcrkiye&#8217;deki \u0130talyan vatanda\u015flar\u0131 i\u00e7in acil durum numaralar\u0131\">T\u00fcrkiye&#8217;deki \u0130talyan vatanda\u015flar\u0131 i\u00e7in acil durum numaralar\u0131<\/a><\/h5>\n                            <p class=\"card-text\">Acil durumlarda, zor durumda bulunan \u0130talyan vatanda\u015flar\u0131m\u0131z i\u00e7in a\u015fa\u011f\u0131daki numaralar aktiftir: \u0130zmir b\u00f6lgesi, Akdeniz k\u0131y\u0131s\u0131 ve Kapadokya i\u00e7in: +90 532 677 32 73\u0130stanbul b\u00f6lgesi ve Karadeniz k\u0131y\u0131s\u0131 i\u00e7in: +90 555 458 58 44 (\u0130talyanca); +90 555 234 19 06 (T\u00fcrk\u00e7e)Ankara b\u00f6lgesi ve T\u00fcrkiye\u2019nin g\u00fcneydo\u011fusu i\u00e7in: +90 532 374 81 77<\/p>\n                                <a title=\"T\u00fcrkiye&#8217;deki \u0130talyan vatanda\u015flar\u0131 i\u00e7in acil durum numaralar\u0131\" class=\"read-more\" href=\"https:\/\/consizmir.esteri.it\/tr\/news\/dal_consolato\/2026\/03\/numeri-di-emergenza-per-i-cittadini-italiani-in-turchia\/\">\n                                    <span class=\"text\">Devam\u0131n\u0131 oku<\/span>\n                                    <svg class=\"icon\">\n                                    <use xlink:href=\"https:\/\/consizmir.esteri.it\/wp-content\/themes\/sedi-tema\/assets\/svg\/sprites.svg#it-arrow-right\"><\/use>\n                                    <\/svg>\n                                <\/a>\n                                                    <\/div>\n                    <\/div>\n                <\/div>\n                <!--end card-->\n                <\/div><!-- col-12 .mt-3-->\n                            <div class=\"col-12 mt-3\">\n                <!--start card-->\n                <div class=\"card-wrapper card-space\">\n                    <div class=\"card card-bg card-big border-bottom-card\">\n                        <div class=\"card-body \">\n                                                        <div class=\"category-top\">\n                                                                                                            <span class=\"\">\n                                        <svg class=\"icon icon-secondary\">\n                                            <use xlink:href=\"https:\/\/consizmir.esteri.it\/wp-content\/themes\/sedi-tema\/assets\/svg\/sprites.svg#it-calendar\"><\/use>\n                                        <\/svg> Ocak 16, 2026                                    <\/span>\n                                                                    <\/div>\n                            <h5 class=\"card-title big-heading text-uppercase\"><a class=\"text-body text-decoration-none\" href=\"https:\/\/consizmir.esteri.it\/tr\/news\/dal_consolato\/2026\/01\/referendum-costituzione-22-23-marzo-2026-opzione-di-voto-in-italia\/\" title=\"REFERENDUM COSTITUZIONE 22-23 MARZO 2026 : OPZIONE DI VOTO IN ITALIA\">REFERENDUM COSTITUZIONE 22-23 MARZO 2026 : OPZIONE DI VOTO IN ITALIA<\/a><\/h5>\n                            <p class=\"card-text\">Con decreto del Presidente della Repubblica del 13\/01\/2026 \u00e8 stata fissata nei giorni 22 e 23 MARZO 2026 la data del referendum ex art. 138 della Costituzione per la modifica di alcuni articoli della Costituzione c.d. \u201cRiforma della giustizia\u201d. Si ricorda che i cittadini italiani residenti o temporaneamente all\u2019estero, iscritti nelle liste elettorali, possono VOTARE [&hellip;]<\/p>\n                                <a title=\"REFERENDUM COSTITUZIONE 22-23 MARZO 2026 : OPZIONE DI VOTO IN ITALIA\" class=\"read-more\" href=\"https:\/\/consizmir.esteri.it\/tr\/news\/dal_consolato\/2026\/01\/referendum-costituzione-22-23-marzo-2026-opzione-di-voto-in-italia\/\">\n                                    <span class=\"text\">Devam\u0131n\u0131 oku<\/span>\n                                    <svg class=\"icon\">\n                                    <use xlink:href=\"https:\/\/consizmir.esteri.it\/wp-content\/themes\/sedi-tema\/assets\/svg\/sprites.svg#it-arrow-right\"><\/use>\n                                    <\/svg>\n                                <\/a>\n                                                    <\/div>\n                    <\/div>\n                <\/div>\n                <!--end card-->\n                <\/div><!-- col-12 .mt-3-->\n                            <div class=\"col-12 mt-3\">\n                <!--start card-->\n                <div class=\"card-wrapper card-space\">\n                    <div class=\"card card-bg card-big border-bottom-card\">\n                        <div class=\"card-body \">\n                                                        <div class=\"category-top\">\n                                                                                                            <span class=\"\">\n                                        <svg class=\"icon icon-secondary\">\n                                            <use xlink:href=\"https:\/\/consizmir.esteri.it\/wp-content\/themes\/sedi-tema\/assets\/svg\/sprites.svg#it-calendar\"><\/use>\n                                        <\/svg> Ekim 24, 2025                                    <\/span>\n                                                                    <\/div>\n                            <h5 class=\"card-title big-heading text-uppercase\"><a class=\"text-body text-decoration-none\" href=\"https:\/\/consizmir.esteri.it\/tr\/news\/dal_consolato\/2025\/10\/incontro-a-casa-italia-sulla-nuova-legge-di-cittadinanza\/\" title=\"Casa Italia\u2019da Yeni Vatanda\u015fl\u0131k Yasas\u0131 \u00dczerine Toplant\u0131\">Casa Italia\u2019da Yeni Vatanda\u015fl\u0131k Yasas\u0131 \u00dczerine Toplant\u0131<\/a><\/h5>\n                            <p class=\"card-text\">Say\u0131n Konsolosumuz, konsolosluk g\u00f6revlisi Barbara La Rosa ile birlikte, yeni \u0130talyan vatanda\u015fl\u0131k yasas\u0131yla ilgili sorular\u0131 yan\u0131tlamak \u00fczere Casa Italia\u2019da \u0130talyan ve Levanten toplumu ile bir araya geldi. Toplant\u0131n\u0131n organizasyonu i\u00e7in Comites\u2019e ve Levanten Derne\u011fi\u2019ne te\u015fekk\u00fcr ederiz.<\/p>\n                                <a title=\"Casa Italia\u2019da Yeni Vatanda\u015fl\u0131k Yasas\u0131 \u00dczerine Toplant\u0131\" class=\"read-more\" href=\"https:\/\/consizmir.esteri.it\/tr\/news\/dal_consolato\/2025\/10\/incontro-a-casa-italia-sulla-nuova-legge-di-cittadinanza\/\">\n                                    <span class=\"text\">Devam\u0131n\u0131 oku<\/span>\n                                    <svg class=\"icon\">\n                                    <use xlink:href=\"https:\/\/consizmir.esteri.it\/wp-content\/themes\/sedi-tema\/assets\/svg\/sprites.svg#it-arrow-right\"><\/use>\n                                    <\/svg>\n                                <\/a>\n                                                    <\/div>\n                    <\/div>\n                <\/div>\n                <!--end card-->\n                <\/div><!-- col-12 .mt-3-->\n                            <div class=\"col-12 mt-3\">\n                <!--start card-->\n                <div class=\"card-wrapper card-space\">\n                    <div class=\"card card-bg card-big border-bottom-card\">\n                        <div class=\"card-body \">\n                                                        <div class=\"category-top\">\n                                                                                                            <span class=\"\">\n                                        <svg class=\"icon icon-secondary\">\n                                            <use xlink:href=\"https:\/\/consizmir.esteri.it\/wp-content\/themes\/sedi-tema\/assets\/svg\/sprites.svg#it-calendar\"><\/use>\n                                        <\/svg> Ekim 22, 2025                                    <\/span>\n                                                                    <\/div>\n                            <h5 class=\"card-title big-heading text-uppercase\"><a class=\"text-body text-decoration-none\" href=\"https:\/\/consizmir.esteri.it\/tr\/news\/dal_consolato\/2025\/10\/visita-aziende-italiane-del-veneto-ad-izmir\/\" title=\"Veneto b\u00f6lgesinden \u0130talyan \u015firketlerin \u0130zmir ziyareti\">Veneto b\u00f6lgesinden \u0130talyan \u015firketlerin \u0130zmir ziyareti<\/a><\/h5>\n                            <p class=\"card-text\">Veneto b\u00f6lgesinden bir grup \u0130talyan i\u015f insan\u0131, Veneto Innovazione kurulu\u015fu ile birlikte, &#8220;T\u00fcrk-\u0130talyan tekstil sekt\u00f6r\u00fc&#8221; etkinli\u011fi kapsam\u0131nda \u0130zmir\u2019i ziyaret etti. Etkinlik, g\u00fc\u00e7lendirilmi\u015f ekonomik i\u015f birli\u011fi \u00e7er\u00e7evesinde yeni ticari f\u0131rsatlar\u0131 ke\u015ffetmek amac\u0131yla d\u00fczenlendi ve heyet EBSO\u2019nun (Ege B\u00f6lgesi Sanayi Odas\u0131) konu\u011fu olarak a\u011f\u0131rland\u0131. Heyet ayr\u0131ca \u0130talya Konsoloslu\u011fu\u2019nu ve Casa Italia\u2019y\u0131 da ziyaret etti. Ziyarete kat\u0131lan \u015firketler [&hellip;]<\/p>\n                                <a title=\"Veneto b\u00f6lgesinden \u0130talyan \u015firketlerin \u0130zmir ziyareti\" class=\"read-more\" href=\"https:\/\/consizmir.esteri.it\/tr\/news\/dal_consolato\/2025\/10\/visita-aziende-italiane-del-veneto-ad-izmir\/\">\n                                    <span class=\"text\">Devam\u0131n\u0131 oku<\/span>\n                                    <svg class=\"icon\">\n                                    <use xlink:href=\"https:\/\/consizmir.esteri.it\/wp-content\/themes\/sedi-tema\/assets\/svg\/sprites.svg#it-arrow-right\"><\/use>\n                                    <\/svg>\n                                <\/a>\n                                                    <\/div>\n                    <\/div>\n                <\/div>\n                <!--end card-->\n                <\/div><!-- col-12 .mt-3-->\n                            <div class=\"col-12 mt-3\">\n                <!--start card-->\n                <div class=\"card-wrapper card-space\">\n                    <div class=\"card card-bg card-big border-bottom-card\">\n                        <div class=\"card-body \">\n                                                        <div class=\"category-top\">\n                                                                                                            <span class=\"\">\n                                        <svg class=\"icon icon-secondary\">\n                                            <use xlink:href=\"https:\/\/consizmir.esteri.it\/wp-content\/themes\/sedi-tema\/assets\/svg\/sprites.svg#it-calendar\"><\/use>\n                                        <\/svg> Ekim 20, 2025                                    <\/span>\n                                                                    <\/div>\n                            <h5 class=\"card-title big-heading text-uppercase\"><a class=\"text-body text-decoration-none\" href=\"https:\/\/consizmir.esteri.it\/tr\/news\/dal_consolato\/2025\/10\/accordo-in-italia-sulla-rotta-dei-focei\/\" title=\"\u0130talya\u2019da Fo\u00e7al\u0131lar\u0131n Rotas\u0131 \u00dczerine Anla\u015fma\">\u0130talya\u2019da Fo\u00e7al\u0131lar\u0131n Rotas\u0131 \u00dczerine Anla\u015fma<\/a><\/h5>\n                            <p class=\"card-text\">Ascea\u2019da, Bat\u0131\u2019n\u0131n k\u00f6klerini payla\u015fan \u015fehirler aras\u0131nda tarihi bir anla\u015fma: Fo\u00e7al\u0131lar\u0131n Rotas\u0131 Uluslararas\u0131 Protokol\u00fc imzaland\u0131 17 Ekim Cuma g\u00fcn\u00fc Ascea\u2019daki Fondazione Alario\u2019da, be\u015f Akdeniz kentini ortak bir k\u00f6kene ve payla\u015f\u0131lan bir ge\u00e7mi\u015fe dayal\u0131 olarak bir araya getiren \u201cFo\u00e7al\u0131lar\u0131n Rotas\u0131\u201d Avrupa K\u00fclt\u00fcrel Rotas\u0131 i\u00e7in resmi i\u015f birli\u011fi protokol\u00fc imzaland\u0131. Belgeyi imzalayanlar aras\u0131nda: Stefano Sansone, Ascea Belediye Ba\u015fkan\u0131 [&hellip;]<\/p>\n                                <a title=\"\u0130talya\u2019da Fo\u00e7al\u0131lar\u0131n Rotas\u0131 \u00dczerine Anla\u015fma\" class=\"read-more\" href=\"https:\/\/consizmir.esteri.it\/tr\/news\/dal_consolato\/2025\/10\/accordo-in-italia-sulla-rotta-dei-focei\/\">\n                                    <span class=\"text\">Devam\u0131n\u0131 oku<\/span>\n                                    <svg class=\"icon\">\n                                    <use xlink:href=\"https:\/\/consizmir.esteri.it\/wp-content\/themes\/sedi-tema\/assets\/svg\/sprites.svg#it-arrow-right\"><\/use>\n                                    <\/svg>\n                                <\/a>\n                                                    <\/div>\n                    <\/div>\n                <\/div>\n                <!--end card-->\n                <\/div><!-- col-12 .mt-3-->\n                            <div class=\"col-12 mt-3\">\n                <!--start card-->\n                <div class=\"card-wrapper card-space\">\n                    <div class=\"card card-bg card-big border-bottom-card\">\n                        <div class=\"card-body \">\n                                                        <div class=\"category-top\">\n                                                                                                            <span class=\"\">\n                                        <svg class=\"icon icon-secondary\">\n                                            <use xlink:href=\"https:\/\/consizmir.esteri.it\/wp-content\/themes\/sedi-tema\/assets\/svg\/sprites.svg#it-calendar\"><\/use>\n                                        <\/svg> Ekim 7, 2025                                    <\/span>\n                                                                    <\/div>\n                            <h5 class=\"card-title big-heading text-uppercase\"><a class=\"text-body text-decoration-none\" href=\"https:\/\/consizmir.esteri.it\/tr\/news\/dal_consolato\/2025\/10\/presentazione-mostra-hierapolis-ieri-e-oggi\/\" title=\"Presentazione Mostra &#8216;Hierapolis ieri e oggi\">Presentazione Mostra &#8216;Hierapolis ieri e oggi<\/a><\/h5>\n                            <p class=\"card-text\">7\u201312 Ekim 2025 tarihlerinde \u0130zmir Resim ve Heykel M\u00fczesi\u2019nde \u201cHierapolis D\u00fcn ve Bug\u00fcn\u201d sergisi a\u00e7\u0131lacakt\u0131r. Sergi, Hierapolis Arkeoloji Misyonu taraf\u0131ndan haz\u0131rlanm\u0131\u015f olup, \u0130stanbul \u0130talyan K\u00fclt\u00fcr Enstit\u00fcs\u00fc i\u015f birli\u011fiyle ger\u00e7ekle\u015ftirilmektedir. \u0130zmir\u2019deki organizasyon, \u0130talyan Konsoloslu\u011fu\u2019nun deste\u011fi ve T\u00fcrkiye-\u0130talya \u0130zmir Ticaret ve Sanayi Odas\u0131 ile \u0130zmir \u0130talyan K\u00fclt\u00fcr ve Dostluk Derne\u011fi\u2019nin i\u015f birli\u011fiyle d\u00fczenlenmektedir. Sergi, T\u00fcrkiye\u2019nin en \u00f6nemli [&hellip;]<\/p>\n                                <a title=\"Presentazione Mostra &#8216;Hierapolis ieri e oggi\" class=\"read-more\" href=\"https:\/\/consizmir.esteri.it\/tr\/news\/dal_consolato\/2025\/10\/presentazione-mostra-hierapolis-ieri-e-oggi\/\">\n                                    <span class=\"text\">Devam\u0131n\u0131 oku<\/span>\n                                    <svg class=\"icon\">\n                                    <use xlink:href=\"https:\/\/consizmir.esteri.it\/wp-content\/themes\/sedi-tema\/assets\/svg\/sprites.svg#it-arrow-right\"><\/use>\n                                    <\/svg>\n                                <\/a>\n                                                    <\/div>\n                    <\/div>\n                <\/div>\n                <!--end card-->\n                <\/div><!-- col-12 .mt-3-->\n                            <div class=\"col-12 mt-3\">\n                <!--start card-->\n                <div class=\"card-wrapper card-space\">\n                    <div class=\"card card-bg card-big border-bottom-card\">\n                        <div class=\"card-body \">\n                                                        <div class=\"category-top\">\n                                                                                                            <span class=\"\">\n                                        <svg class=\"icon icon-secondary\">\n                                            <use xlink:href=\"https:\/\/consizmir.esteri.it\/wp-content\/themes\/sedi-tema\/assets\/svg\/sprites.svg#it-calendar\"><\/use>\n                                        <\/svg> Eyl\u00fcl 5, 2025                                    <\/span>\n                                                                    <\/div>\n                            <h5 class=\"card-title big-heading text-uppercase\"><a class=\"text-body text-decoration-none\" href=\"https:\/\/consizmir.esteri.it\/tr\/news\/dal_consolato\/2025\/09\/tamburi-del-vesuvio-izmir-enternasyonal-fuari\/\" title=\"Tamburi del Vesuvio &#8211; \u0130zmir Enternasyonal Fuar\u0131\">Tamburi del Vesuvio &#8211; \u0130zmir Enternasyonal Fuar\u0131<\/a><\/h5>\n                            <p class=\"card-text\">\u0130zmir B\u00fcy\u00fck\u015fehir Belediye Ba\u015fkan\u0131&#8217;n\u0131n daveti \u00fczerine, \u0130talyan Konsoloslu\u011fu bu y\u0131l \u015fehrin en \u00f6nemli etkinli\u011fi olan \u0130zmir Enternasyonal Fuar\u0131&#8217;na kat\u0131larak T\u00fcrk vatanda\u015flar\u0131na 3-4 Eyl\u00fcl tarihlerinde &#8220;Tamburi del Vesuvio&#8221; grubunun sahne ald\u0131\u011f\u0131 m\u00fczik ve folklor i\u00e7eren bir g\u00f6steri sundu. Konsolos Daniele Bianchi, &#8220;Bu y\u0131l, ulusal yarat\u0131c\u0131l\u0131\u011f\u0131m\u0131z\u0131 ve Napoli \u015fehrinin kurulu\u015funun 2.500. y\u0131ld\u00f6n\u00fcm\u00fcn\u00fc kutlamak \u00fczere fuara \u0130talyan k\u00fclt\u00fcr\u00fcn\u00fcn [&hellip;]<\/p>\n                                <a title=\"Tamburi del Vesuvio &#8211; \u0130zmir Enternasyonal Fuar\u0131\" class=\"read-more\" href=\"https:\/\/consizmir.esteri.it\/tr\/news\/dal_consolato\/2025\/09\/tamburi-del-vesuvio-izmir-enternasyonal-fuari\/\">\n                                    <span class=\"text\">Devam\u0131n\u0131 oku<\/span>\n                                    <svg class=\"icon\">\n                                    <use xlink:href=\"https:\/\/consizmir.esteri.it\/wp-content\/themes\/sedi-tema\/assets\/svg\/sprites.svg#it-arrow-right\"><\/use>\n                                    <\/svg>\n                                <\/a>\n                                                    <\/div>\n                    <\/div>\n                <\/div>\n                <!--end card-->\n                <\/div><!-- col-12 .mt-3-->\n                            <div class=\"col-12 mt-3\">\n                <!--start card-->\n                <div class=\"card-wrapper card-space\">\n                    <div class=\"card card-bg card-big border-bottom-card\">\n                        <div class=\"card-body \">\n                                                        <div class=\"category-top\">\n                                                                                                            <span class=\"\">\n                                        <svg class=\"icon icon-secondary\">\n                                            <use xlink:href=\"https:\/\/consizmir.esteri.it\/wp-content\/themes\/sedi-tema\/assets\/svg\/sprites.svg#it-calendar\"><\/use>\n                                        <\/svg> Temmuz 8, 2025                                    <\/span>\n                                                                    <\/div>\n                            <h5 class=\"card-title big-heading text-uppercase\"><a class=\"text-body text-decoration-none\" href=\"https:\/\/consizmir.esteri.it\/tr\/news\/dal_consolato\/2025\/07\/concerto-in-turchia-alla-biblioteca-di-celsio\/\" title=\"T\u00dcRK\u0130YE\u2019DE, CELSUS K\u00dcT\u00dcPHANES\u0130\u2019NDE KONSER\">T\u00dcRK\u0130YE\u2019DE, CELSUS K\u00dcT\u00dcPHANES\u0130\u2019NDE KONSER<\/a><\/h5>\n                            <p class=\"card-text\">2024 YILINDAK\u0130 BA\u015eARININ ARDINDAN, 2025\u2019TE DE \u0130TALYA \u0130ZM\u0130R KONSOLOSLU\u011eU VE CIDIM \u0130\u015e B\u0130RL\u0130\u011e\u0130 DEVAM ED\u0130YOR \u0130talya\u2019n\u0131n \u0130zmir Konsoloslu\u011fu ile CIDIM (\u0130talyan Ulusal M\u00fczik Komitesi) aras\u0131nda Haziran 2024\u2019te \u0130zmir\u2019in antik agoras\u0131\u2019nda d\u00fczenlenen konser ile ba\u015flayan ba\u015far\u0131l\u0131 i\u015f birli\u011fi, 2025 y\u0131l\u0131nda da devam etti. Bu kapsamda, \u0130talya\u2019n\u0131n \u0130zmir Konsolosu Sn. Daniele Bianchi, opera m\u00fczi\u011fi \u00fczerine yeni bir [&hellip;]<\/p>\n                                <a title=\"T\u00dcRK\u0130YE\u2019DE, CELSUS K\u00dcT\u00dcPHANES\u0130\u2019NDE KONSER\" class=\"read-more\" href=\"https:\/\/consizmir.esteri.it\/tr\/news\/dal_consolato\/2025\/07\/concerto-in-turchia-alla-biblioteca-di-celsio\/\">\n                                    <span class=\"text\">Devam\u0131n\u0131 oku<\/span>\n                                    <svg class=\"icon\">\n                                    <use xlink:href=\"https:\/\/consizmir.esteri.it\/wp-content\/themes\/sedi-tema\/assets\/svg\/sprites.svg#it-arrow-right\"><\/use>\n                                    <\/svg>\n                                <\/a>\n                                                    <\/div>\n                    <\/div>\n                <\/div>\n                <!--end card-->\n                <\/div><!-- col-12 .mt-3-->\n                            <div class=\"col-12 mt-3\">\n                <!--start card-->\n                <div class=\"card-wrapper card-space\">\n                    <div class=\"card card-bg card-big border-bottom-card\">\n                        <div class=\"card-body \">\n                                                        <div class=\"category-top\">\n                                                                                                            <span class=\"\">\n                                        <svg class=\"icon icon-secondary\">\n                                            <use xlink:href=\"https:\/\/consizmir.esteri.it\/wp-content\/themes\/sedi-tema\/assets\/svg\/sprites.svg#it-calendar\"><\/use>\n                                        <\/svg> Haziran 16, 2025                                    <\/span>\n                                                                    <\/div>\n                            <h5 class=\"card-title big-heading text-uppercase\"><a class=\"text-body text-decoration-none\" href=\"https:\/\/consizmir.esteri.it\/tr\/news\/dal_consolato\/2025\/06\/premio-ospitalita-italiana-al-montiano\/\" title=\"Montiano&#8217;ya Ospitalit\u00e0 Italiana \u00f6d\u00fcl\u00fc\">Montiano&#8217;ya Ospitalit\u00e0 Italiana \u00f6d\u00fcl\u00fc<\/a><\/h5>\n                            <p class=\"card-text\">13 Haziran&#8217;da @Montiano restoran\u0131, \u0130talya Konsolosu ile birlikte \u0130talyan Ticaret Odas\u0131 @cci&#8217;den Marchio Ospitalit\u00e0 Italiana kalite sertifikas\u0131yla \u00f6d\u00fcllendirildi. Italya Konsolosu \u00f6d\u00fcl t\u00f6reninde \u0130zmir&#8217;de bir \u0130talyan adas\u0131 yaratt\u0131klar\u0131 i\u00e7in Lucien ve Merve Arkas&#8217;a te\u015fekk\u00fcr etti.<\/p>\n                                <a title=\"Montiano&#8217;ya Ospitalit\u00e0 Italiana \u00f6d\u00fcl\u00fc\" class=\"read-more\" href=\"https:\/\/consizmir.esteri.it\/tr\/news\/dal_consolato\/2025\/06\/premio-ospitalita-italiana-al-montiano\/\">\n                                    <span class=\"text\">Devam\u0131n\u0131 oku<\/span>\n                                    <svg class=\"icon\">\n                                    <use xlink:href=\"https:\/\/consizmir.esteri.it\/wp-content\/themes\/sedi-tema\/assets\/svg\/sprites.svg#it-arrow-right\"><\/use>\n                                    <\/svg>\n                                <\/a>\n                                                    <\/div>\n                    <\/div>\n                <\/div>\n                <!--end card-->\n                <\/div><!-- col-12 .mt-3-->\n            \n            <div class=\"col-md-12 mt-4 pb-4\">\n                <nav class=\"navigation col-md-12\" aria-label=\"Navigation\">\n                    <h2 class=\"screen-reader-text visually-hidden\">Sayfaland\u0131rma<\/h2>\n                    <div class=\"nav-links\">\n                    <span aria-current=\"page\" class=\"page-numbers current\">1<\/span>\n<a class=\"page-numbers\" href=\"https:\/\/consizmir.esteri.it\/tr\/wp-json\/wp\/v2\/pages\/138\/?pag=2\">2<\/a>\n<a class=\"page-numbers\" href=\"https:\/\/consizmir.esteri.it\/tr\/wp-json\/wp\/v2\/pages\/138\/?pag=3\">3<\/a>\n<span class=\"page-numbers dots\">&hellip;<\/span>\n<a class=\"page-numbers\" href=\"https:\/\/consizmir.esteri.it\/tr\/wp-json\/wp\/v2\/pages\/138\/?pag=12\">12<\/a>\n<a class=\"next page-numbers\" href=\"https:\/\/consizmir.esteri.it\/tr\/wp-json\/wp\/v2\/pages\/138\/?pag=2\"><svg class=\"icon icon-primary\"><use xlink:href=\"https:\/\/consizmir.esteri.it\/wp-content\/themes\/sedi-tema\/assets\/svg\/sprites.svg#it-chevron-right\"><\/use><\/svg>\n                                    <span class=\"visually-hidden\">Sonraki Sayfa<\/span><\/a>                    <\/div>\n                <\/nav>\n            <\/div>   <!--.col-md-12 -->\n              <\/div><!--.row -->\n              \n","protected":false},"excerpt":{"rendered":"","protected":false},"author":2,"featured_media":0,"parent":0,"menu_order":8,"comment_status":"closed","ping_status":"closed","template":"","meta":{"footnotes":""},"class_list":["post-138","page","type-page","status-publish","hentry"],"_links":{"self":[{"href":"https:\/\/consizmir.esteri.it\/tr\/wp-json\/wp\/v2\/pages\/138","targetHints":{"allow":["GET"]}}],"collection":[{"href":"https:\/\/consizmir.esteri.it\/tr\/wp-json\/wp\/v2\/pages"}],"about":[{"href":"https:\/\/consizmir.esteri.it\/tr\/wp-json\/wp\/v2\/types\/page"}],"author":[{"embeddable":true,"href":"https:\/\/consizmir.esteri.it\/tr\/wp-json\/wp\/v2\/users\/2"}],"replies":[{"embeddable":true,"href":"https:\/\/consizmir.esteri.it\/tr\/wp-json\/wp\/v2\/comments?post=138"}],"version-history":[{"count":1,"href":"https:\/\/consizmir.esteri.it\/tr\/wp-json\/wp\/v2\/pages\/138\/revisions"}],"predecessor-version":[{"id":139,"href":"https:\/\/consizmir.esteri.it\/tr\/wp-json\/wp\/v2\/pages\/138\/revisions\/139"}],"wp:attachment":[{"href":"https:\/\/consizmir.esteri.it\/tr\/wp-json\/wp\/v2\/media?parent=138"}],"curies":[{"name":"wp","href":"https:\/\/api.w.org\/{rel}","templated":true}]}}