{"id":1432,"date":"2023-03-26T21:48:24","date_gmt":"2023-03-26T21:48:24","guid":{"rendered":"https:\/\/consizmir.esteri.it\/litalia-e-turchia\/diplomazia-economica\/fare-affari-in-italia\/"},"modified":"2025-03-18T09:21:44","modified_gmt":"2025-03-18T09:21:44","slug":"fare-affari-in-italia","status":"publish","type":"page","link":"https:\/\/consizmir.esteri.it\/tr\/litalia-e-turchia\/diplomazia-economica\/fare-affari-in-italia\/","title":{"rendered":"\u0130talya\u2019da i\u015f yapmak"},"content":{"rendered":"<p>\u0130talya, ekonomik kriz kar\u015f\u0131s\u0131nda ola\u011fan\u00fcst\u00fc bir diren\u00e7 g\u00f6stermi\u015ftir. H\u00fck\u00fcmet taraf\u0131ndan ba\u015flat\u0131lan yap\u0131sal reform program\u0131 sayesinde, \u0130talya\u2019n\u0131n yabanc\u0131 yat\u0131r\u0131mlar i\u00e7in daha da cazip bir \u00fclke haline getirilmesi hedeflenmektedir. \u0130talya, d\u00fcnyan\u0131n sekizinci b\u00fcy\u00fck ekonomisi, Avrupa\u2019n\u0131n ise en b\u00fcy\u00fck ikinci \u00fcreticisi konumundad\u0131r. Otomotiv, moda, tasar\u0131m ve g\u0131da\/tar\u0131m gibi bir\u00e7ok kilit sekt\u00f6rde benzersiz bir know-how sunmakla birlikte, n\u00f6robilim, robot bilimi, y\u00fcksek teknolojili arkeoloji gibi \u00e7ok say\u0131da bilim dal\u0131nda da \u00f6nc\u00fc \u00fclke durumundad\u0131r.<br \/>\n\u0130talyan H\u00fck\u00fcmeti\u2019nin \u00fclkeye y\u00f6nelik yabanc\u0131 yat\u0131r\u0131mlar\u0131 te\u015fvik etmek amac\u0131yla y\u00fcr\u00fctt\u00fc\u011f\u00fc \u00e7al\u0131\u015fmalar aras\u0131nda \u201cInvest in Italy\u201d Program\u0131 (\u0130talya\u2019ya Yat\u0131r\u0131m) yer almaktad\u0131r. S\u00f6z konusu program\u0131n d\u00fcnya \u00e7ap\u0131ndaki ilk tan\u0131t\u0131m\u0131, 2015\u2019te \u00f6nce \u0130stanbul\u2019da, ard\u0131ndan da Ankara ve \u0130zmir\u2019de ger\u00e7ekle\u015ftirilmi\u015ftir. Ayr\u0131ca, potansiyel yat\u0131r\u0131mc\u0131lar ile bir araya gelerek onlar\u0131n ihtiya\u00e7lar\u0131n\u0131 belirlemek ve yat\u0131r\u0131mlar\u0131 s\u0131ras\u0131nda onlara yard\u0131mc\u0131 olabilmek amac\u0131yla ICE \u2013 \u0130talyan Ticaret Merkezi\u2019nin \u0130stanbul Temsilcili\u011fi b\u00fcnyesinde yabanc\u0131 yat\u0131r\u0131mlar\u0131 destek ofisi bir y\u0131l \u00f6nce hizmete girmi\u015ftir. T\u00fcm bu \u00e7aba ve giri\u015fimler sayesinde, T\u00fcrk yat\u0131r\u0131mc\u0131lar\u0131n \u0130talya\u2019ya olan ilgisi artm\u0131\u015f olup, bu ilginin artarak devam edece\u011fi d\u00fc\u015f\u00fcn\u00fclmektedir.<\/p>\n<p><strong>Faydal\u0131 linkler<\/strong><br \/>\n\u0130talya\u2019da i\u015f yapmay\u0131 d\u00fc\u015f\u00fcn\u00fcyorsan\u0131z, a\u015fa\u011f\u0131daki hususlara g\u00f6z atman\u0131z\u0131 \u00f6nermekteyiz:<br \/>\n\u2022\u00a0<a href=\"http:\/\/www.dt.mef.gov.it\/it\/index.html\">Ekonomi ve Maliye Bakanl\u0131\u011f\u0131 Hazine Dairesi\u00a0<\/a>taraf\u0131ndan haz\u0131rlanan makro-ekonomik veriler<br \/>\n\u2022\u00a0<a href=\"http:\/\/www.bancaditalia.it\/statistiche\/index.html?com.dotmarketing.htmlpage.language=102\">Banca d\u2019Italia<\/a>\u00a0taraf\u0131ndan haz\u0131rlanan \u0130talya ekonomisine ili\u015fkin istatistikler<br \/>\n\u2022\u00a0<a href=\"http:\/\/italiastartupvisa.mise.gov.it\/\">Italia Startup Visa<\/a>\u00a0(site yaln\u0131zca ingilizcedir)<br \/>\n\u2022 \u0130talya\u2019da merkezi veya \u015fubeleleri bulunan \u015firketler hakk\u0131nda resmi bilgilerin edinilebilece\u011fi\u00a0<a href=\"http:\/\/www.registroimprese.it\/web\/guest\/il-registro-imprese-e-altre-banche-dati#page=registro-imprese\">\u015eirket Sicil Sorgulama Portal\u0131<\/a><br \/>\n\u2022 Yat\u0131r\u0131m destek politikalar\u0131 i\u00e7in\u00a0<a href=\"http:\/\/www.investinitaly.com\/it\/\">INVESTINITALY<\/a>\u00a0ve\u00a0<a href=\"http:\/\/www.investinitalyrealestate.com\/en\/\">INVESTINITALYREALESTATE<\/a><br \/>\n\u2022 B\u00f6lgesel yat\u0131r\u0131m f\u0131rsatlar\u0131 i\u00e7in\u00a0<a href=\"http:\/\/www.investinlombardy.com\/\">Lombardia<\/a>;\u00a0<a href=\"http:\/\/www.investintuscany.com\/\">Toscana<\/a>;\u00a0<a href=\"https:\/\/www.finpiemonte.it\/bandi\/dettaglio-bando\/insediamento-grandi-imprese-2016\">Piemonte<\/a><\/p>\n<p>&nbsp;<\/p>\n<p><strong>Faydal\u0131 \u0130leti\u015fim Bilgileri<\/strong><br \/>\nICE \u2013 \u0130talyan Ticaret Merkezi\u2019nin \u0130stanbul Temsilcili\u011fi b\u00fcnyesinde yer alan<a href=\"http:\/\/www.ice.gov.it\/paesi\/europa\/turchia\/desktutela_istanbul.htm#attrazione\">\u00a0Yat\u0131r\u0131m Destek Ofisi<\/a><br \/>\nUzman: ALPER MAT e-posta:\u00a0<a href=\"mailto:fdi.istanbul@ice.it\">fdi.istanbul@ice.it<\/a><\/p>\n<p>&nbsp;<\/p>\n<p><strong>Faydal\u0131 Belgeler<\/strong><\/p>\n<p><a href=\"https:\/\/ambankara.esteri.it\/wp-content\/uploads\/2023\/04\/novit__normative_attrazione_fisco_06feb17.docx\">Yat\u0131r\u0131mc\u0131lar i\u00e7in vergi te\u015fviklerii\u00e7in vergi te\u015fvikleri<\/a><br \/>\n\u0130talya\u2019daki kanuni d\u00fczenlemeler, son y\u0131llarda maliye \u2013 vergi m\u00fckellefi ili\u015fkisinin iyile\u015ftirilmesine ve mali y\u00fck\u00fcml\u00fcl\u00fcklerin kolayla\u015ft\u0131r\u0131lmas\u0131na odaklanm\u0131\u015f ve bu konuda yeni d\u00fczenlemeler y\u00fcr\u00fcrl\u00fc\u011fe girmi\u015ftir. Yat\u0131r\u0131mc\u0131lar nezdinde \u0130talya\u2019n\u0131n yat\u0131r\u0131m cazibesini art\u0131rmak amac\u0131yla yeni vergi te\u015fvikleri ve bunun yan\u0131 s\u0131ra vergi uyum d\u00fczeyini art\u0131rmaya y\u00f6nelik \u00e7e\u015fitli d\u00fczenlemeler hayata ge\u00e7irilmi\u015ftir. Bu kapsamda getirilen yenilikler aras\u0131nda, ikametlerini \u0130talya\u2019ya ta\u015f\u0131yan yat\u0131r\u0131mc\u0131lara y\u00f6nelik mali bir d\u00fczenleme olan \u201cd\u00fcz oranl\u0131 vergi\u201d uygulamas\u0131 da yer almaktad\u0131r. \u201cD\u00fcz oranl\u0131 vergi\u201d uygulamas\u0131 hakk\u0131nda daha fazla bilgi i\u00e7in:\u00a0<a href=\"http:\/\/www1.agenziaentrate.gov.it\/english\/invest_italy\/new_residents_regime.htm\">FLAT TAX<\/a><\/p>\n<p><a href=\"http:\/\/investinitaly.com\/pdf\/en\/news\/doing_business_in_italy.pdf\">Neden \u0130talya\u2019ya yat\u0131r\u0131m yap\u0131lmal\u0131?<\/a><br \/>\nEkonomik Kalk\u0131nma Bakanl\u0131\u011f\u0131 taraf\u0131ndan haz\u0131rlanan ve \u015firket kurulu\u015fu, i\u015fe al\u0131m s\u00fcre\u00e7leri ve te\u015fvik talepleri hakk\u0131nda \u00e7ok say\u0131da pratik bilgi sunan k\u0131lavuzdur.<\/p>\n<p>&nbsp;<\/p>\n","protected":false},"excerpt":{"rendered":"\u0130talya, ekonomik kriz kar\u015f\u0131s\u0131nda ola\u011fan\u00fcst\u00fc bir diren\u00e7 g\u00f6stermi\u015ftir. H\u00fck\u00fcmet taraf\u0131ndan ba\u015flat\u0131lan yap\u0131sal reform program\u0131 sayesinde, \u0130talya\u2019n\u0131n yabanc\u0131 yat\u0131r\u0131mlar i\u00e7in daha da cazip bir \u00fclke haline getirilmesi hedeflenmektedir. \u0130talya, d\u00fcnyan\u0131n sekizinci b\u00fcy\u00fck ekonomisi, Avrupa\u2019n\u0131n ise en b\u00fcy\u00fck ikinci \u00fcreticisi konumundad\u0131r. Otomotiv, moda, tasar\u0131m ve g\u0131da\/tar\u0131m gibi bir\u00e7ok kilit sekt\u00f6rde benzersiz bir know-how sunmakla birlikte, n\u00f6robilim, robot [&hellip;]","protected":false},"author":2,"featured_media":0,"parent":176,"menu_order":2,"comment_status":"closed","ping_status":"closed","template":"","meta":{"footnotes":""},"class_list":["post-1432","page","type-page","status-publish","hentry"],"_links":{"self":[{"href":"https:\/\/consizmir.esteri.it\/tr\/wp-json\/wp\/v2\/pages\/1432","targetHints":{"allow":["GET"]}}],"collection":[{"href":"https:\/\/consizmir.esteri.it\/tr\/wp-json\/wp\/v2\/pages"}],"about":[{"href":"https:\/\/consizmir.esteri.it\/tr\/wp-json\/wp\/v2\/types\/page"}],"author":[{"embeddable":true,"href":"https:\/\/consizmir.esteri.it\/tr\/wp-json\/wp\/v2\/users\/2"}],"replies":[{"embeddable":true,"href":"https:\/\/consizmir.esteri.it\/tr\/wp-json\/wp\/v2\/comments?post=1432"}],"version-history":[{"count":2,"href":"https:\/\/consizmir.esteri.it\/tr\/wp-json\/wp\/v2\/pages\/1432\/revisions"}],"predecessor-version":[{"id":3086,"href":"https:\/\/consizmir.esteri.it\/tr\/wp-json\/wp\/v2\/pages\/1432\/revisions\/3086"}],"up":[{"embeddable":true,"href":"https:\/\/consizmir.esteri.it\/tr\/wp-json\/wp\/v2\/pages\/176"}],"wp:attachment":[{"href":"https:\/\/consizmir.esteri.it\/tr\/wp-json\/wp\/v2\/media?parent=1432"}],"curies":[{"name":"wp","href":"https:\/\/api.w.org\/{rel}","templated":true}]}}