{"id":154,"date":"2023-03-26T21:39:27","date_gmt":"2023-03-26T21:39:27","guid":{"rendered":"https:\/\/consizmir.esteri.it\/chi-siamo\/la-sede\/"},"modified":"2023-11-21T12:36:17","modified_gmt":"2023-11-21T12:36:17","slug":"la-sede","status":"publish","type":"page","link":"https:\/\/consizmir.esteri.it\/tr\/chi-siamo\/la-sede\/","title":{"rendered":"Konsolosluk Binas\u0131"},"content":{"rendered":"<p style=\"text-align: justify;\">\u0130zmir \u0130talya Konsoloslu\u011fu 1861 y\u0131l\u0131nda ilan edilen \u0130talya Krall\u0131\u011f\u0131\u2019ndan bu yana mevcut olup, \u0130zmir \u015fehrinin hem \u0130talyan vatanda\u015flar\u0131n\u0131n yurt d\u0131\u015f\u0131na g\u00f6\u00e7\u00fc a\u015famalar\u0131ndaki d\u00f6nemde olsun, hem de Ege B\u00f6lgesi ile \u0130talya aras\u0131ndaki y\u00fczy\u0131llardan s\u00fcre gelen dostluk ve ticari ili\u015fkilerin tarihsel \u00f6nemine \u015fahitlik etmi\u015ftir.<\/p>\n<p style=\"text-align: justify;\">Bu bir bu\u00e7uk as\u0131rl\u0131k s\u00fcre boyunca, \u0130zmir \u0130talya Konsoloslu\u011fu\u2019nun etkinlikleri ve hizmet yelpazesi, T\u00fcrkiye ile \u0130talya\u2019n\u0131n zaman i\u00e7erisinde de\u011fi\u015fimlere u\u011frayan hukuksal \u00e7er\u00e7evelerin yan\u0131 s\u0131ra, sosyal anlamda ihtiya\u00e7 ve \u00f6nceliklere g\u00f6re de uyum sa\u011flam\u0131\u015ft\u0131r.<\/p>\n<p style=\"text-align: justify;\">\u015eehirde bulunan yerle\u015fik \u0130talyan mevcudiyetine hizmet sunmak gibi geleneksel g\u00f6revlerinin yan\u0131 s\u0131ra, \u0130talya\u2019ya giri\u015f i\u00e7in vize hizmeti, k\u00fclt\u00fcrel ekonomik ve ticari tan\u0131t\u0131m faaliyetleri ile \u0130talyan \u015firketlerine destek ve \u00f6ncelikle turistik ama\u00e7la veya \u00e7e\u015fitli sebeplerden \u00f6t\u00fcr\u00fc Konsoloslu\u011fun sorumluluk b\u00f6lgesinde ge\u00e7ici olarak bulunan say\u0131s\u0131z vatanda\u015f\u0131n\u0131n ihtiya\u00e7lar\u0131na kar\u015f\u0131l\u0131k vermek gibi \u00e7ok \u00f6nemli g\u00f6revler \u00f6nem kazanm\u0131\u015ft\u0131r.<\/p>\n<p style=\"text-align: justify;\">\u0130zmir \u0130talya Konsoloslu\u011fu 1993 y\u0131l\u0131ndan bu yana \u0130zmir \u015fehrinin kalbinde bulunmakta ve \u0130talya ile\u00a0ili\u015fkilerini derinle\u015ftirmek isteyen t\u00fcm \u0130talyan ve T\u00fcrk vatanda\u015flar\u0131 i\u00e7in bir referans noktas\u0131 olu\u015fturma gururunu ta\u015f\u0131maktad\u0131r.<\/p>\n<p>&nbsp;<\/p>\n","protected":false},"excerpt":{"rendered":"\u0130zmir \u0130talya Konsoloslu\u011fu 1861 y\u0131l\u0131nda ilan edilen \u0130talya Krall\u0131\u011f\u0131\u2019ndan bu yana mevcut olup, \u0130zmir \u015fehrinin hem \u0130talyan vatanda\u015flar\u0131n\u0131n yurt d\u0131\u015f\u0131na g\u00f6\u00e7\u00fc a\u015famalar\u0131ndaki d\u00f6nemde olsun, hem de Ege B\u00f6lgesi ile \u0130talya aras\u0131ndaki y\u00fczy\u0131llardan s\u00fcre gelen dostluk ve ticari ili\u015fkilerin tarihsel \u00f6nemine \u015fahitlik etmi\u015ftir. Bu bir bu\u00e7uk as\u0131rl\u0131k s\u00fcre boyunca, \u0130zmir \u0130talya Konsoloslu\u011fu\u2019nun etkinlikleri ve hizmet yelpazesi, [&hellip;]","protected":false},"author":2,"featured_media":0,"parent":130,"menu_order":4,"comment_status":"closed","ping_status":"closed","template":"","meta":{"footnotes":""},"class_list":["post-154","page","type-page","status-publish","hentry"],"_links":{"self":[{"href":"https:\/\/consizmir.esteri.it\/tr\/wp-json\/wp\/v2\/pages\/154","targetHints":{"allow":["GET"]}}],"collection":[{"href":"https:\/\/consizmir.esteri.it\/tr\/wp-json\/wp\/v2\/pages"}],"about":[{"href":"https:\/\/consizmir.esteri.it\/tr\/wp-json\/wp\/v2\/types\/page"}],"author":[{"embeddable":true,"href":"https:\/\/consizmir.esteri.it\/tr\/wp-json\/wp\/v2\/users\/2"}],"replies":[{"embeddable":true,"href":"https:\/\/consizmir.esteri.it\/tr\/wp-json\/wp\/v2\/comments?post=154"}],"version-history":[{"count":3,"href":"https:\/\/consizmir.esteri.it\/tr\/wp-json\/wp\/v2\/pages\/154\/revisions"}],"predecessor-version":[{"id":1183,"href":"https:\/\/consizmir.esteri.it\/tr\/wp-json\/wp\/v2\/pages\/154\/revisions\/1183"}],"up":[{"embeddable":true,"href":"https:\/\/consizmir.esteri.it\/tr\/wp-json\/wp\/v2\/pages\/130"}],"wp:attachment":[{"href":"https:\/\/consizmir.esteri.it\/tr\/wp-json\/wp\/v2\/media?parent=154"}],"curies":[{"name":"wp","href":"https:\/\/api.w.org\/{rel}","templated":true}]}}