{"id":176,"date":"2023-03-26T21:44:01","date_gmt":"2023-03-26T21:44:01","guid":{"rendered":"https:\/\/consizmir.esteri.it\/litalia-e-turchia\/diplomazia-economica\/"},"modified":"2025-03-18T09:17:47","modified_gmt":"2025-03-18T09:17:47","slug":"diplomazia-economica","status":"publish","type":"page","link":"https:\/\/consizmir.esteri.it\/tr\/litalia-e-turchia\/diplomazia-economica\/","title":{"rendered":"Ekonomik Diplomasi"},"content":{"rendered":"<p>\u0130talya ile T\u00fcrkiye aras\u0131ndaki ekonomik-ticari ili\u015fkiler, \u0130talya\u2019n\u0131n her zaman T\u00fcrkiye\u2019nin ana partnerleri aras\u0131nda yer almas\u0131n\u0131n da i\u015faret etti\u011fi gibi son derece y\u00fcksek d\u00fczeydedir. <strong>\u0130talya, T\u00fcrkiye\u2019nin Akdeniz b\u00f6lgesindeki lider, Avrupa\u2019daki ikinci ticaret orta\u011f\u0131d\u0131r <\/strong>ve son \u00fc\u00e7 y\u0131lda ticaret hacmi \u00f6nemli bir b\u00fcy\u00fcme kaydetmi\u015ftir.<\/p>\n<p>ICE Ajans\u0131 taraf\u0131ndan a\u00e7\u0131klanan verilere g\u00f6re, <strong>2023 y\u0131l\u0131nda \u0130talya\u2019n\u0131n T\u00fcrkiye ile d\u0131\u015f ticaret rakamlar\u0131, \u00fclkemizi T\u00fcrkiye\u2019nin k\u00fcresel \u00e7apta ba\u015fl\u0131ca ticaret ortaklar\u0131 aras\u0131nda 5. s\u0131rada g\u00f6rmekte ve 2023 y\u0131l\u0131nda yakla\u015f\u0131k 26 milyar avroluk bir ticaret hacmi ger\u00e7ekle\u015fmi\u015ftir<\/strong>. \u0130talya\u2019n\u0131n T\u00fcrkiye ile ticareti 31 Aral\u0131k 2023 itibar\u0131yla 2022\u2019ye k\u0131yasla <strong>2,7 milyar Avro pozitif ticaret dengesi<\/strong> kaydetmi\u015ftir.<\/p>\n<p>2023 y\u0131l\u0131nda <strong>\u0130talya\u2019n\u0131n ihracat\u0131 ilk kez 14 milyar Avro\u2019yu a\u015farak<\/strong> 2022\u2019ye k\u0131yasla %6,4 oran\u0131nda artm\u0131\u015f ve <strong>\u00fclkemizi T\u00fcrkiye\u2019nin ana tedarik\u00e7ileri aras\u0131nda 6. s\u0131raya y\u00fckseltmi\u015ftir<\/strong>. <strong>2024 y\u0131l\u0131na ili\u015fkin ilk rakamlar da b\u00fcy\u00fcme e\u011filimini teyit etmektedir<\/strong>. 2024 y\u0131l\u0131n\u0131n ilk be\u015f ay\u0131nda \u0130talya\u2019n\u0131n ihracat\u0131, 2023 y\u0131l\u0131n\u0131n ayn\u0131 d\u00f6nemine k\u0131yasla neredeyse %35\u2019lik bir art\u0131\u015fla 8 milyar Avro\u2019ya ula\u015fm\u0131\u015ft\u0131r.<\/p>\n<p>\u0130talya ise, 2022 y\u0131l\u0131na k\u0131yasla %5,7\u2019lik bir d\u00fc\u015f\u00fc\u015fe i\u015faret eden 11,5 milyar Avroluk mal ve hizmet al\u0131m\u0131yla <strong>T\u00fcrkiye\u2019nin 5. b\u00fcy\u00fck m\u00fc\u015fterisi<\/strong> olarak istikrar\u0131n\u0131 korurken, bu durum ihracattaki art\u0131\u015fla fazlas\u0131yla dengelenmi\u015ftir.<\/p>\n<p><strong>\u0130lk \u00fcr\u00fcn kategorileri aras\u0131nda yo\u011fun teknoloji i\u00e7eren \u00fcr\u00fcnlerin yer ald\u0131\u011f\u0131 kar\u015f\u0131l\u0131kl\u0131 al\u0131\u015fveri\u015fi yap\u0131lan \u00fcr\u00fcnlerin t\u00fcr\u00fc<\/strong>, iki ekonominin y\u00fcksek derecede birbirine ba\u011fl\u0131 ve tamamlay\u0131c\u0131 oldu\u011funu ve \u0130talyan \u015firketleri i\u00e7in bundan kaynaklanan f\u0131rsatlara i\u015faret etmektedir. 2023 y\u0131l\u0131nda \u0130talya\u2019n\u0131n ihracat\u0131 asl\u0131nda \u2018motorlu ta\u015f\u0131tlar, trakt\u00f6rler ve yedek par\u00e7alar\u0131\u2019 (+%100,2) ve \u2018demir ve \u00e7elik \u00fcr\u00fcnleri\u2019 (+%51,7) sat\u0131\u015flar\u0131 taraf\u0131ndan y\u00f6nlendirilmi\u015ftir. Buna kar\u015f\u0131n, \u2018yak\u0131tlar ve madencilik ya\u011flar\u0131\u2019 (-%71,1) ihracat\u0131 gerilemi\u015ftir. Salt anlamda, ihracat\u0131m\u0131z\u0131n ana kalemi 2022 y\u0131l\u0131na k\u0131yasla %25,1 art\u0131\u015fla 3,4 milyar ABD dolar\u0131 de\u011ferinde \u2018makine ve mekanik te\u00e7hizat\u2019 olmaya devam etmektedir.<\/p>\n<p>\u00d6te yandan, <strong>T\u00fcrkiye\u2019nin ihracat dinamikleri<\/strong>, \u0130talya\u2019n\u0131n \u201cdemir ve \u00e7elik\u201d (-%50,8) ile \u201cbak\u0131r\u201d ve \u201cplastik\u201d al\u0131mlar\u0131ndaki d\u00fc\u015f\u00fc\u015fe kar\u015f\u0131n \u201cmotorlu kara ta\u015f\u0131tlar\u0131, trakt\u00f6rler ve yedek par\u00e7alar\u0131 \u2018ndaki (+%23,6) b\u00fcy\u00fcmeyi g\u00f6stermektedir; \u201cmotorlu kara ta\u015f\u0131tlar\u0131, trakt\u00f6rler ve yedek par\u00e7alar\u0131\u201d 2,8 milyar ABD dolar\u0131 de\u011feriyle \u0130talya\u2019n\u0131n T\u00fcrkiye\u2019den ithalat\u0131nda ana kalem olmay\u0131 s\u00fcrd\u00fcrmektedir. Ba\u015fl\u0131ca Avrupal\u0131 ticaret ortaklar\u0131yla kar\u015f\u0131la\u015ft\u0131r\u0131ld\u0131\u011f\u0131nda, Fransa ve Almanya\u2019n\u0131n T\u00fcrkiye\u2019ye ihracat\u0131 2023 y\u0131l\u0131nda s\u0131ras\u0131yla %22,6 ve %18,8 artarken; \u0130ngiltere\u2019nin ihracat\u0131 %10 ile daha az belirgin bir art\u0131\u015f kaydetmi\u015ftir.<\/p>\n<p><strong>Do\u011frudan Yabanc\u0131 Yat\u0131r\u0131mlar (DYY)<\/strong> s\u00f6z konusu oldu\u011funda, 2022\u2019deki m\u00fckemmel performans\u0131n ard\u0131ndan, 2023 itibariyle T\u00fcrkiye\u2019deki \u0130talyan net DYY stoku 5,7 milyar Avro iken, \u0130talya\u2019daki T\u00fcrk net DYY stoku 1,1 milyar Avro\u2019nun \u00fczerindedir. \u0130talya, k\u0131sa mesafenin sa\u011flad\u0131\u011f\u0131 lojistik ve Trieste Liman\u0131 gibi RO-RO mallar\u0131n\u0131n ta\u015f\u0131nmas\u0131 i\u00e7in baz\u0131 \u00f6nemli merkezler sayesinde Avrupa Birli\u011fi (AB) pazar\u0131na a\u00e7\u0131lan ayr\u0131cal\u0131kl\u0131 bir \u2018kap\u0131\u2019 olmay\u0131 s\u00fcrd\u00fcrmektedir.<\/p>\n<p>Daha genel anlamda <strong>\u0130talya, altyap\u0131 ve enerji gibi stratejik sekt\u00f6rlerde<\/strong> <strong>Ankara i\u00e7in temel bir ortak olmaya devam etmektedir<\/strong>. T\u00fcrkiye\u2019nin ba\u015fl\u0131ca sanayi merkezlerinde \u00fcretim tesisleri bulunan b\u00fcy\u00fck \u0130talyan imalat gruplar\u0131n\u0131n geleneksel ve konsolide varl\u0131\u011f\u0131; \u0130talyan gruplar\u0131n enerji \u00fcretimi ve ba\u011flant\u0131 projelerindeki faaliyetleri; \u0130talyan bankalar\u0131n\u0131n \u00f6nemli rol\u00fc; \u00fclkenin altyap\u0131sal geli\u015fimine kat\u0131l\u0131m; savunma sanayi sekt\u00f6r\u00fcnde m\u00fckemmel bir d\u00fczeye ula\u015fan i\u015fbirli\u011fi buna i\u015faret etmektedir.<\/p>\n<p>T\u00fcrkiye hakk\u0131nda g\u00fcncel bilgiler i\u00e7in \u201c<a href=\"http:\/\/cronacheeconomiche.com\/\">Cronache Economiche<\/a>\u201d b\u00fcltenimize abone olabilirsiniz.<\/p>\n<p>Ankara\u2019daki \u0130talyan B\u00fcy\u00fckel\u00e7ili\u011fi Ekonomi ve Ticaret Ofisi, iki \u00fclke aras\u0131ndaki ticareti, yat\u0131r\u0131m ak\u0131\u015f\u0131n\u0131 ve teknolojik i\u015fbirli\u011fini art\u0131rmay\u0131 ama\u00e7layan T\u00fcrkiye\u2019deki ekonomik tan\u0131t\u0131m faaliyetlerini koordine etmektedir. Tan\u0131t\u0131m stratejisi, T\u00fcrkiye\u2019deki \u0130talyan Sistemi\u2019nin di\u011fer unsurlar\u0131 olan \u0130stanbul Ba\u015fkonsoloslu\u011fu, \u0130zmir Konsoloslu\u011fu, \u0130stanbul\u2019daki ICE-Agency ve SACE ofisleri, \u0130talya Bankas\u0131 Ata\u015feli\u011fi, \u0130stanbul \u0130talyan Ticaret Odas\u0131 ve \u0130zmir \u0130talyan Ticaret Odas\u0131 ile s\u00fcrekli koordinasyon i\u00e7inde y\u00fcr\u00fct\u00fclmektedir. B\u00fcy\u00fckel\u00e7ili\u011fin Ekonomi ve Ticaret Ofisi ile ileti\u015fime ge\u00e7mek isteyen \u0130talyan \u015firketleri i\u00e7in <a href=\"https:\/\/nexus.esteri.it\/?sede=727\">NEXUS<\/a> \u00e7evrimi\u00e7i platformu mevcuttur.<\/p>\n<p>Ege b\u00f6lgesi, g\u00fc\u00e7l\u00fc ekonomik ak\u0131\u015flar ve \u0130talya&#8217;daki \u0130talyan \u015firketlerinin veya ortak giri\u015fimlerinin ve yat\u0131r\u0131mlar\u0131n\u0131n varl\u0131\u011f\u0131 g\u00f6z \u00f6n\u00fcne al\u0131nd\u0131\u011f\u0131nda \u0130talya i\u00e7in \u00f6zellikle \u00f6nemlidir.<\/p>\n<p>\u0130zmir\u2019deki Casa Italia&#8217;da bulunan T\u00fcrkiye \u0130talyan Ticaret ve Sanayi Odas\u0131, bilgi veya yard\u0131ma ihtiya\u00e7 duyan t\u00fcm \u015firketler i\u00e7in Ege b\u00f6lgesinde faaliyet g\u00f6stermektedir.<\/p>\n<p><a href=\"https:\/\/www.cciizmir.org\/it\/\">https:\/\/www.cciizmir.org\/it\/<\/a><\/p>\n<p><a href=\"https:\/\/www.instagram.com\/cci.izmir\/?hl=en\">https:\/\/www.instagram.com\/cci.izmir\/?hl=en<\/a><\/p>\n<p>&nbsp;<\/p>\n<p><strong>Ekonomik ve Ticari Anla\u015fmalar:<\/strong><\/p>\n<p><a class=\"focus--mouse\" href=\"https:\/\/www.finanze.gov.it\/export\/sites\/finanze\/.galleries\/Documenti\/Varie\/TURCHIA_1990-Testo_G.U._ita_en.pdf\" data-focus-mouse=\"true\">Gelir \u00dczerinden Al\u0131nan Vergilerde \u00c7ifte Vergilendirmeyi \u00d6nleme ve Vergi Ka\u00e7ak\u00e7\u0131l\u0131\u011f\u0131na Engel Olma Anla\u015fmas\u0131<\/a><\/p>\n<p><a href=\"https:\/\/itra.esteri.it\/Search\/Allegati\/42349\">Yat\u0131r\u0131mlar\u0131n Te\u015fviki ve Korunmas\u0131 Anla\u015fmas\u0131<\/a><\/p>\n","protected":false},"excerpt":{"rendered":"\u0130talya ile T\u00fcrkiye aras\u0131ndaki ekonomik-ticari ili\u015fkiler, \u0130talya\u2019n\u0131n her zaman T\u00fcrkiye\u2019nin ana partnerleri aras\u0131nda yer almas\u0131n\u0131n da i\u015faret etti\u011fi gibi son derece y\u00fcksek d\u00fczeydedir. \u0130talya, T\u00fcrkiye\u2019nin Akdeniz b\u00f6lgesindeki lider, Avrupa\u2019daki ikinci ticaret orta\u011f\u0131d\u0131r ve son \u00fc\u00e7 y\u0131lda ticaret hacmi \u00f6nemli bir b\u00fcy\u00fcme kaydetmi\u015ftir. ICE Ajans\u0131 taraf\u0131ndan a\u00e7\u0131klanan verilere g\u00f6re, 2023 y\u0131l\u0131nda \u0130talya\u2019n\u0131n T\u00fcrkiye ile d\u0131\u015f ticaret [&hellip;]","protected":false},"author":2,"featured_media":0,"parent":131,"menu_order":0,"comment_status":"closed","ping_status":"closed","template":"","meta":{"footnotes":""},"class_list":["post-176","page","type-page","status-publish","hentry"],"_links":{"self":[{"href":"https:\/\/consizmir.esteri.it\/tr\/wp-json\/wp\/v2\/pages\/176","targetHints":{"allow":["GET"]}}],"collection":[{"href":"https:\/\/consizmir.esteri.it\/tr\/wp-json\/wp\/v2\/pages"}],"about":[{"href":"https:\/\/consizmir.esteri.it\/tr\/wp-json\/wp\/v2\/types\/page"}],"author":[{"embeddable":true,"href":"https:\/\/consizmir.esteri.it\/tr\/wp-json\/wp\/v2\/users\/2"}],"replies":[{"embeddable":true,"href":"https:\/\/consizmir.esteri.it\/tr\/wp-json\/wp\/v2\/comments?post=176"}],"version-history":[{"count":6,"href":"https:\/\/consizmir.esteri.it\/tr\/wp-json\/wp\/v2\/pages\/176\/revisions"}],"predecessor-version":[{"id":3080,"href":"https:\/\/consizmir.esteri.it\/tr\/wp-json\/wp\/v2\/pages\/176\/revisions\/3080"}],"up":[{"embeddable":true,"href":"https:\/\/consizmir.esteri.it\/tr\/wp-json\/wp\/v2\/pages\/131"}],"wp:attachment":[{"href":"https:\/\/consizmir.esteri.it\/tr\/wp-json\/wp\/v2\/media?parent=176"}],"curies":[{"name":"wp","href":"https:\/\/api.w.org\/{rel}","templated":true}]}}