{"id":178,"date":"2023-03-26T21:44:53","date_gmt":"2023-03-26T21:44:53","guid":{"rendered":"https:\/\/consizmir.esteri.it\/litalia-e-turchia\/diplomazia-scientifica\/"},"modified":"2023-11-30T11:54:24","modified_gmt":"2023-11-30T11:54:24","slug":"diplomazia-scientifica","status":"publish","type":"page","link":"https:\/\/consizmir.esteri.it\/tr\/litalia-e-turchia\/diplomazia-scientifica\/","title":{"rendered":"Bilimsel Diplomasi"},"content":{"rendered":"<p style=\"text-align: left;\"><strong>I\u0307TALYA-T\u00dcRKI\u0307YE BI\u0307LI\u0307MSEL VE TEKNOLOJI\u0307K I\u0307\u015eBI\u0307RLI\u0307\u011eI\u0307<\/strong><\/p>\n<p>\u0130talya ve T\u00fcrkiye aras\u0131ndaki ikili bilimsel i\u015fbirli\u011fi, 21.2.2001 tarihinde Roma&#8217;da imzalanan ve 2005 y\u0131l\u0131ndan bu yana y\u00fcr\u00fcrl\u00fckte olan Bilimsel ve Teknolojik \u0130\u015fbirli\u011fi Anla\u015fmas\u0131 ile d\u00fczenlenmektedir.<\/p>\n<p>Ara\u015ft\u0131rma kurumlar\u0131 aras\u0131ndaki i\u015fbirli\u011fi ile ilgili olarak, CNR&#8217;\u0131m\u0131z\u0131n (\u0130talya Ulusal Ara\u015ft\u0131rma Kurumu) 30 Temmuz 2015 tarihinde T\u00dcB\u0130TAK (T\u00fcrkiye Bilimsel ve Teknolojik Ara\u015ft\u0131rma Kurumu) ile otomatik olarak yenilenen d\u00f6rt y\u0131ll\u0131k <em>Bilimsel ve Teknolojik \u0130\u015fbirli\u011fi Protokol\u00fc<\/em>&#8216;n\u00fc imzalad\u0131\u011f\u0131n\u0131 belirtmek gerekir. Bu protokol \u00e7er\u00e7evesinde, B\u0130T ve enerji ve ula\u015f\u0131m teknolojileri, kimya bilimleri ve malzeme teknolojileri, fizik bilimleri ve madde teknolojileri sekt\u00f6rlerinde projeler finanse edilmi\u015ftir.<\/p>\n<p>N\u00fckleer fizik alan\u0131nda, 2014 y\u0131l\u0131nda INFN&#8217;nin (Ulusal N\u00fckleer Fizik Enstit\u00fcs\u00fc) Legnaro Ulusal Laboratuvarlar\u0131 (LNL) ile \u0130stanbul \u00dcniversitesi Fen Fak\u00fcltesi aras\u0131nda, T\u00fcrk ara\u015ft\u0131rmac\u0131lar\u0131n LNL&#8217;nin laboratuvarlar\u0131na ve bilimsel tesislerine eri\u015fimini sa\u011flamak amac\u0131yla bir Mutabakat Zapt\u0131 imzalanm\u0131\u015ft\u0131r.<\/p>\n<p>5 Temmuz 2022 tarihinde, \u0130talya-T\u00fcrkiye H\u00fck\u00fcmetleraras\u0131 Zirvesi vesilesiyle, \u0130talya D\u0131\u015fi\u015fleri ve Uluslararas\u0131 \u0130\u015fbirli\u011fi Bakan\u0131 ile T\u00fcrkiye Bilim ve Teknoloji Bakan\u0131 Bilimsel \u0130\u015fbirli\u011fi Ortak Deklarasyon&#8217;u imzalam\u0131\u015flard\u0131r.<\/p>\n<p>Deklarasyon ile taraflar, 21 \u015eubat 2001 tarihli <em>Bilimsel ve Teknolojik \u0130\u015fbirli\u011fi Protokol\u00fc<\/em> \u00e7er\u00e7evesinde, teklif \u00e7a\u011fr\u0131lar\u0131 yoluyla se\u00e7ilecek ortak ara\u015ft\u0131rma, geli\u015ftirme ve yenilik projelerini desteklemek \u00fczere 2023-2025 Y\u00f6netim Protokol\u00fc imzalanmas\u0131na y\u00f6nelik m\u00fczakereleri ba\u015flatarak ikili bilimsel i\u015fbirli\u011fini yeniden ba\u015flatmay\u0131 taahh\u00fct etmektedir.<\/p>\n<p>Deklarasyon, taraflar\u0131 t\u0131p bilimleri, enerji d\u00f6n\u00fc\u015f\u00fcm\u00fc ve s\u00fcrd\u00fcr\u00fclebilir hareketlilik, do\u011fal afetlerin \u00f6nlenmesi, d\u00f6ng\u00fcsel ekonomi ve k\u00fclt\u00fcrel miras i\u00e7in uygulamal\u0131 bilimler ve teknolojiler gibi alanlarda ortak projelere \u00f6ncelik vermeyi taahh\u00fct etmektedir. Ortak ara\u015ft\u0131rma projeleri i\u00e7in \u00e7a\u011fr\u0131lar hem \u0130talya D\u0131\u015fi\u015fleri ve Uluslararas\u0131 \u0130\u015fbirli\u011fi Bakanl\u0131\u011f\u0131 hem de T\u00fcbitak web sitelerinde yay\u0131nlanmaktad\u0131r.<\/p>\n<p>\u0130talya D\u0131\u015fi\u015fleri ve Uluslararas\u0131 \u0130\u015fbirli\u011fi Bakanl\u0131\u011f\u0131, \u0130talya ile d\u00fcnyan\u0131n geri kalan \u00dclkeleri aras\u0131ndaki i\u015fbirli\u011finin geli\u015ftirilmesi i\u00e7in temel ara\u00e7lar olarak \u0130talyan ara\u015ft\u0131rmalar\u0131n\u0131n ve bilimsel diplomasinin uluslararas\u0131la\u015fmas\u0131n\u0131 te\u015fvik etmektedir. \u00d6zellikle Akdeniz \u00fczerindeki etkisiyle ilgili olarak T\u00fcrkiye, PRIMA ve BLUE MED gibi Avrupa programlar\u0131na ve SESAME (Synchrotron light for Experimental Science and Applications in the Middle East) b\u00f6lgesel organizasyonuna kat\u0131lmaktad\u0131r.<\/p>\n<p>T\u00fcrkiye ile bilim ve teknoloji alan\u0131ndaki i\u015fbirli\u011fi di\u011fer \u00e7ok tarafl\u0131 ba\u011flamlara da uzanmaktad\u0131r. Yukar\u0131da bahsi ge\u00e7en Avrupa projelerine ek olarak T\u00fcrkiye, \u00f6rne\u011fin \u0130talya&#8217;n\u0131n her zaman \u00f6nc\u00fc bir rol oynad\u0131\u011f\u0131 CERN (Avrupa N\u00fckleer Ara\u015ft\u0131rma \u00d6rg\u00fct\u00fc) faaliyetlerine de kat\u0131lmaktad\u0131r. Bilimsel ara\u015ft\u0131rma alan\u0131ndaki f\u0131rsatlar (teklif \u00e7a\u011fr\u0131lar\u0131, uluslararas\u0131 hareketlilik, vb.) hakk\u0131nda daha fazla bilgi i\u00e7in sizi bu web sitesindeki Duyuru Panosuna d\u00fczenli olarak ba\u015fvurmaya davet ediyoruz. Ayr\u0131ca sizi, \u0130talya ve T\u00fcrkiye aras\u0131nda bilimsel alandaki i\u015fbirli\u011fine ili\u015fkin haberlerin de yay\u0131nland\u0131\u011f\u0131, \u0130talya Ankara B\u00fcy\u00fckel\u00e7ili\u011fi taraf\u0131ndan d\u00fczenlenen &#8220;<a href=\"http:\/\/cronacheeconomiche.com\/\">Cronache Economiche<\/a>&#8221; b\u00fcltenine abone olmaya davet ediyoruz.<\/p>\n<p>&nbsp;<\/p>\n<p>&nbsp;<\/p>\n","protected":false},"excerpt":{"rendered":"I\u0307TALYA-T\u00dcRKI\u0307YE BI\u0307LI\u0307MSEL VE TEKNOLOJI\u0307K I\u0307\u015eBI\u0307RLI\u0307\u011eI\u0307 \u0130talya ve T\u00fcrkiye aras\u0131ndaki ikili bilimsel i\u015fbirli\u011fi, 21.2.2001 tarihinde Roma&#8217;da imzalanan ve 2005 y\u0131l\u0131ndan bu yana y\u00fcr\u00fcrl\u00fckte olan Bilimsel ve Teknolojik \u0130\u015fbirli\u011fi Anla\u015fmas\u0131 ile d\u00fczenlenmektedir. Ara\u015ft\u0131rma kurumlar\u0131 aras\u0131ndaki i\u015fbirli\u011fi ile ilgili olarak, CNR&#8217;\u0131m\u0131z\u0131n (\u0130talya Ulusal Ara\u015ft\u0131rma Kurumu) 30 Temmuz 2015 tarihinde T\u00dcB\u0130TAK (T\u00fcrkiye Bilimsel ve Teknolojik Ara\u015ft\u0131rma Kurumu) ile otomatik [&hellip;]","protected":false},"author":2,"featured_media":0,"parent":131,"menu_order":4,"comment_status":"closed","ping_status":"closed","template":"","meta":{"footnotes":""},"class_list":["post-178","page","type-page","status-publish","hentry"],"_links":{"self":[{"href":"https:\/\/consizmir.esteri.it\/tr\/wp-json\/wp\/v2\/pages\/178","targetHints":{"allow":["GET"]}}],"collection":[{"href":"https:\/\/consizmir.esteri.it\/tr\/wp-json\/wp\/v2\/pages"}],"about":[{"href":"https:\/\/consizmir.esteri.it\/tr\/wp-json\/wp\/v2\/types\/page"}],"author":[{"embeddable":true,"href":"https:\/\/consizmir.esteri.it\/tr\/wp-json\/wp\/v2\/users\/2"}],"replies":[{"embeddable":true,"href":"https:\/\/consizmir.esteri.it\/tr\/wp-json\/wp\/v2\/comments?post=178"}],"version-history":[{"count":6,"href":"https:\/\/consizmir.esteri.it\/tr\/wp-json\/wp\/v2\/pages\/178\/revisions"}],"predecessor-version":[{"id":1418,"href":"https:\/\/consizmir.esteri.it\/tr\/wp-json\/wp\/v2\/pages\/178\/revisions\/1418"}],"up":[{"embeddable":true,"href":"https:\/\/consizmir.esteri.it\/tr\/wp-json\/wp\/v2\/pages\/131"}],"wp:attachment":[{"href":"https:\/\/consizmir.esteri.it\/tr\/wp-json\/wp\/v2\/media?parent=178"}],"curies":[{"name":"wp","href":"https:\/\/api.w.org\/{rel}","templated":true}]}}