{"id":192,"date":"2023-03-26T22:00:11","date_gmt":"2023-03-26T22:00:11","guid":{"rendered":"https:\/\/consizmir.esteri.it\/servizi-consolari-e-visti\/servizi-per-il-cittadino-italiano\/passaporti-e-carte-didentita\/"},"modified":"2025-03-19T06:34:40","modified_gmt":"2025-03-19T06:34:40","slug":"passaporti-e-carte-didentita","status":"publish","type":"page","link":"https:\/\/consizmir.esteri.it\/tr\/servizi-consolari-e-visti\/servizi-per-il-cittadino-italiano\/passaporti-e-carte-didentita\/","title":{"rendered":"Pasaport"},"content":{"rendered":"<div class=\"entry-content\">\n<p><strong>20 Nisan&#8217;dan itibaren<\/strong> pasaport hizmetinden faydalanmaya y\u00f6nelik randevu rezervasyonu i\u00e7in yeni \u00e7evrimi\u00e7i hizmet <a href=\"https:\/\/prenotami.esteri.it\/\">PRENOT@MI<\/a> aktif hale geliyor: <a href=\"https:\/\/prenotami.esteri.it\/\">https:\/\/prenotami.esteri.it\/<\/a><\/p>\n<p>&nbsp;<\/p>\n<p><strong>I. PASAPORT BA<\/strong><strong>\u015eVURUSUNDA BULUNMAK \u0130\u00c7\u0130N AIRE\u2019YE KAYITLI OLMAK \u015eART MI?\u00a0<\/strong><\/p>\n<p>Evet! <strong>D\u0130KKAT!! Pasaportun verilmesi; ba\u015fvuracak olan vatanda\u015f\u0131n A.I.R.E.\u2019ye (Yurtd\u0131\u015f\u0131nda \u0130kamet Eden \u0130talyanlar N\u00fcfus K\u00fct\u00fc\u011f\u00fc \u2013 Anagrafe degli Italiani Residenti all\u2019Estero) kay\u0131tl\u0131 olmas\u0131 ve ikametg\u00e2h bilgilerinin Konsoloslu\u011fun sistemlerinde g\u00fcncellenmi\u015f olmas\u0131na ba\u011fl\u0131d\u0131r. <\/strong>A.I.R.E.\u2019ye kay\u0131tl\u0131 olmayanlar\u0131n ve\/ya ikametg\u00e2h adresi g\u00fcncel olmayanlar\u0131n pasaport ba\u015fvurusunda bulunmadan \u00f6nce <a href=\"https:\/\/serviziconsolari.esteri.it\/ScoFE\/index.sco\">Fast It<\/a> portal\u0131 \u00fczerinden<strong> adres bilgilerini g\u00fcncellemek i\u00e7in talepte bulunmalar\u0131 gerekmektedir<\/strong>.<\/p>\n<p>&nbsp;<\/p>\n<p><strong>II. PASAPORT BA\u015eVURUSU NASIL YAPILIR?<\/strong><\/p>\n<p>Pasaport talebinde bulunmak i\u00e7in konsoloslu\u011fun resmi sitesi olan <a href=\"https:\/\/prenotami.esteri.it\/\">PRENOT@MI<\/a> (\u00fccretsiz) portal\u0131 kullan\u0131larak \u00e7evrimi\u00e7i randevu olu\u015fturman\u0131z gerekmektedir. <a href=\"https:\/\/prenotami.esteri.it\/\">https:\/\/prenotami.esteri.it\/<\/a><\/p>\n<p>Ki\u015fisel profilinizi olu\u015fturduktan sonra, mevcut tarih ve saatlerden birini se\u00e7erek randevu talebinde bulunabilirsiniz.<\/p>\n<p>Gerekli pasaport say\u0131s\u0131 1 ise \u201cPrenotazione singola\u201d (Tek randevu) se\u00e7ene\u011fini se\u00e7in; Randevu ba\u015fvuru sahibi d\u0131\u015f\u0131ndaki bir aile bireyi i\u00e7in, not k\u0131sm\u0131na (formun alt k\u0131sm\u0131nda bo\u015f b\u0131rak\u0131lan alana) ba\u015fvuru sahibinin ad\u0131n\u0131, soyad\u0131n\u0131 ve do\u011fum tarihini belirtiniz.<\/p>\n<p>Gerekli pasaport say\u0131s\u0131 1\u2019den fazla ise \u201cPrenotazione multipla\u201d (\u00c7oklu randevu) se\u00e7ene\u011fini se\u00e7in ve her randevu i\u00e7in ilgili ki\u015filerin ad\u0131n\u0131, soyad\u0131n\u0131, do\u011fum tarihini ve adresini belirterek gerekli randevu say\u0131s\u0131n\u0131 se\u00e7iniz.<\/p>\n<p>Tek profil ile en fazla 4 randevu talebinde bulunabilirsiniz.<\/p>\n<p>&nbsp;<\/p>\n<p><strong>III. PASAPORT ALMAK \u0130\u00c7\u0130N YET\u0130\u015eK\u0130NLER\u0130N HANG\u0130 BELGELERE \u0130HT\u0130YACI<\/strong><strong> VAR??<\/strong><\/p>\n<ul>\n<li>\u015eah\u0131s imzal\u0131 pasaport ba\u015fvuru formu<\/li>\n<li>S\u00fcresi ge\u00e7mi\u015f\/ge\u00e7mekte olan pasaportun 2\/3\/4\/5 sayfalar\u0131<\/li>\n<li>1 adet ICAO standartlar\u0131na uygun, arka fonu beyaz, g\u00f6zl\u00fcks\u00fcz, y\u00fcz\u00fc a\u00e7\u0131k ve sa\u00e7lar\u0131n y\u00fcz\u00fc kapatmad\u0131\u011f\u0131, a\u011f\u0131z kapal\u0131 (ebat 4 cm x 3,5 cm) renkli foto\u011fraf. Fotograflar\u0131n profesyonel bir foto\u011fraf\u00e7\u0131 taraf\u0131ndan kalitesi uygun olacak \u015fekilde \u00e7ektirilmesi \u00f6nerilir.<\/li>\n<\/ul>\n<p>&nbsp;<\/p>\n<p><strong>IV.RE<\/strong><strong>\u015e\u0130T YA\u015eA GELMEM\u0130\u015e \u00c7OCUKLARIN EBEVEY\u0130NLER\u0130N\u0130N HANG\u0130 BELGER\u0130<\/strong><strong> \u0130BRAZ ETMELER\u0130 GEREKMEKTED\u0130R?<\/strong><strong><br \/>\n<\/strong><br \/>\nRe\u015fit ya\u015fa gelmemi\u015f \u00e7ocuklar\u0131n A.I.R.E.\u2019ye kay\u0131tl\u0131 olmas\u0131 (t\u0131pk\u0131 yeti\u015fkinler gibi), randevu g\u00fcn\u00fcnde haz\u0131rda bulunmas\u0131 ve a\u015fa\u011f\u0131daki belgeleri ibraz etmesi gerekmektedir;<\/p>\n<ol>\n<li>Kimlik<\/li>\n<li><strong>Her iki ebeveynin de re\u015fit ya\u015fa gelmemi\u015f o\u011flu\/k\u0131z\u0131 lehine <a href=\"https:\/\/consizmir.esteri.it\/wp-content\/uploads\/2025\/03\/Atto-di-Assenso-Passaporto-Minore-Aggiornato.pdf\">muvafakatnamesi\u00a0<\/a><\/strong><\/li>\n<li>1 adet ICAO standartlar\u0131na uygun, arka fonu beyaz, g\u00f6zl\u00fcks\u00fcz, y\u00fcz\u00fc a\u00e7\u0131k ve sa\u00e7lar\u0131n y\u00fcz\u00fc kapatmad\u0131\u011f\u0131, a\u011f\u0131z kapal\u0131 (ebat 4 cm x 3,5 cm) renkli foto\u011fraf. Fotograflar\u0131n profesyonel bir foto\u011fraf\u00e7\u0131 taraf\u0131ndan kalitesi uygun olacak \u015fekilde \u00e7ektirilmesi \u00f6nerilir.<\/li>\n<\/ol>\n<p><strong>\u00a0<\/strong><\/p>\n<p><strong>V. PASAPORT ZAY\u0130 ED\u0130L\u0130RSE VEYA \u00c7ALDIRILIRSA NE YAPMAK LAZIM?<\/strong><\/p>\n<p>Acil bir durumda (\u00f6rne\u011fin pasaportun kaybolmas\u0131 veya \u00e7al\u0131nmas\u0131) yeni bir pasaport d\u00fczenleme imkan\u0131 veya zaman\u0131 yoksa Konsolosluk Ofisi \u0130talyan vatanda\u015flar\u0131na ge\u00e7ici bir seyahat belgesi (ETD-Emergency Travel Document) d\u00fczenleyebilir. Bu belge yaln\u0131zca \u0130talya\u2019ya veya daimi ikamet edilen \u00fclkeye d\u00f6n\u00fc\u015f yolculu\u011fu i\u00e7in ge\u00e7erlidir.<\/p>\n<p>Herhangi bir acil durumda Konsolosluk Ofisiyle ileti\u015fime ge\u00e7ebilirsiniz: <a href=\"mailto:izmir.cittadini@esteri.it\">izmir.cittadini@esteri.it<\/a>, Tel: +90 232 4636676.<\/p>\n<p><a href=\"https:\/\/www.esteri.it\/it\/servizi-consolari-e-visti\/italiani-all-estero\/documenti_di_viaggio\/etd\/\">Daha fazla bilgi i\u00e7in<\/a><\/p>\n<p>\u00c7al\u0131nan veya kaybolan ve sonradan bulunan pasaportlar ilgili yerel makamlarca Konsolosluk Ofisine iade edilir. Bu nedenle, yak\u0131n zamanda B\u00fcy\u00fckel\u00e7ili\u011fin yetki b\u00f6lgesinde bir kay\u0131p\/h\u0131rs\u0131zl\u0131k olay\u0131 ya\u015fam\u0131\u015f ve pasaportlar\u0131n\u0131n bulunup bulunmad\u0131\u011f\u0131n\u0131 teyit etmek isteyenlerin <a href=\"mailto:izmir.cittadini@esteri.it\">izmir.cittadini@esteri.it<\/a> adresinden Konsolosluk Ofisi ile ileti\u015fime ge\u00e7meleri rica olunur. Pasaportun sahibine iadesi a\u015fa\u011f\u0131daki \u015fekillerde ger\u00e7ekle\u015fir:<\/p>\n<ul>\n<li>Konsolosluk Ofisinden do\u011frudan teslim alma;<\/li>\n<li>Kargo \u00fccreti ba\u015fvuru sahibi taraf\u0131ndan \u00f6denecek \u015fekilde posta ile g\u00f6nderim.<\/li>\n<\/ul>\n<p>\u00c7al\u0131nan veya kaybolan pasaportlar, yerel makamlarca iade edildikleri tarihten itibaren en fazla bir y\u0131l s\u00fcreyle Konsolosluk Ofisinde muhafaza edilir. Bu s\u00fcrede belgelerin yasal sahipleri taraf\u0131ndan iadeleri talep edilmezse sahiplerine ayr\u0131ca bir uyar\u0131 yap\u0131lmadan pasaportlar imha edilir.<\/p>\n<\/div>\n","protected":false},"excerpt":{"rendered":"20 Nisan&#8217;dan itibaren pasaport hizmetinden faydalanmaya y\u00f6nelik randevu rezervasyonu i\u00e7in yeni \u00e7evrimi\u00e7i hizmet PRENOT@MI aktif hale geliyor: https:\/\/prenotami.esteri.it\/ &nbsp; I. PASAPORT BA\u015eVURUSUNDA BULUNMAK \u0130\u00c7\u0130N AIRE\u2019YE KAYITLI OLMAK \u015eART MI?\u00a0 Evet! D\u0130KKAT!! Pasaportun verilmesi; ba\u015fvuracak olan vatanda\u015f\u0131n A.I.R.E.\u2019ye (Yurtd\u0131\u015f\u0131nda \u0130kamet Eden \u0130talyanlar N\u00fcfus K\u00fct\u00fc\u011f\u00fc \u2013 Anagrafe degli Italiani Residenti all\u2019Estero) kay\u0131tl\u0131 olmas\u0131 ve ikametg\u00e2h bilgilerinin Konsoloslu\u011fun [&hellip;]","protected":false},"author":2,"featured_media":0,"parent":187,"menu_order":0,"comment_status":"closed","ping_status":"closed","template":"","meta":{"footnotes":""},"class_list":["post-192","page","type-page","status-publish","hentry"],"_links":{"self":[{"href":"https:\/\/consizmir.esteri.it\/tr\/wp-json\/wp\/v2\/pages\/192","targetHints":{"allow":["GET"]}}],"collection":[{"href":"https:\/\/consizmir.esteri.it\/tr\/wp-json\/wp\/v2\/pages"}],"about":[{"href":"https:\/\/consizmir.esteri.it\/tr\/wp-json\/wp\/v2\/types\/page"}],"author":[{"embeddable":true,"href":"https:\/\/consizmir.esteri.it\/tr\/wp-json\/wp\/v2\/users\/2"}],"replies":[{"embeddable":true,"href":"https:\/\/consizmir.esteri.it\/tr\/wp-json\/wp\/v2\/comments?post=192"}],"version-history":[{"count":6,"href":"https:\/\/consizmir.esteri.it\/tr\/wp-json\/wp\/v2\/pages\/192\/revisions"}],"predecessor-version":[{"id":3214,"href":"https:\/\/consizmir.esteri.it\/tr\/wp-json\/wp\/v2\/pages\/192\/revisions\/3214"}],"up":[{"embeddable":true,"href":"https:\/\/consizmir.esteri.it\/tr\/wp-json\/wp\/v2\/pages\/187"}],"wp:attachment":[{"href":"https:\/\/consizmir.esteri.it\/tr\/wp-json\/wp\/v2\/media?parent=192"}],"curies":[{"name":"wp","href":"https:\/\/api.w.org\/{rel}","templated":true}]}}