{"id":218,"date":"2023-03-26T22:08:56","date_gmt":"2023-03-26T22:08:56","guid":{"rendered":"https:\/\/consizmir.esteri.it\/servizi-consolari-e-visti\/servizi-per-il-cittadino-straniero\/visti\/"},"modified":"2026-04-21T16:19:57","modified_gmt":"2026-04-21T16:19:57","slug":"visti","status":"publish","type":"page","link":"https:\/\/consizmir.esteri.it\/tr\/servizi-consolari-e-visti\/servizi-per-il-cittadino-straniero\/visti\/","title":{"rendered":"Vize"},"content":{"rendered":"<p style=\"text-align: justify;\">\u0130talya\u2019ya giri\u015f vizelerinin t\u00fcr\u00fc, mevzuat\u0131 ve \u015fartlar\u0131 ile ilgili genel bilgiler,\u00a0\u0130talyan D\u0131\u015fi\u015fleri\u00a0Bakanl\u0131\u011f\u0131n\u0131n\u00a0<a href=\"https:\/\/vistoperitalia.esteri.it\/home\/en\">\u0130talya Vizesi sitesinde<\/a>\u00a0mevcuttur.<\/p>\n<p style=\"text-align: justify;\"><strong>1) V\u0130ZE TALEB\u0130N\u0130N SUNULMASI<\/strong><\/p>\n<p style=\"text-align: justify;\">\u0130zmir\u2019deki \u0130talyan Konsoloslu\u011fu a\u015fa\u011f\u0131daki illerden sorumludur: \u0130ZM\u0130R \u2013 AKSARAY \u2013 ADANA \u2013 AYFON \u2013 ANTALYA \u2013 AYDIN \u2013 BALIKES\u0130R \u2013 BURDUR \u2013 DEN\u0130ZL\u0130 \u2013 ISPARTA \u2013 KARAMAN \u2013 KAYSER\u0130 \u2013 KONYA \u2013 MAN\u0130SA \u2013 MERS\u0130N \u2013 MU\u011eLA \u2013 N\u0130\u011eDE \u2013 U\u015eAK \u2013 K\u00dcTAHYA \u2013 NEV\u015eEH\u0130R.<\/p>\n<p style=\"text-align: justify;\">\u00a0Yukar\u0131da belirtilen konsolosluk b\u00f6lgelerinde d\u00fczenli olarak ikamet eden T\u00fcrk ve Yabanc\u0131 vatanda\u015flar\u00a0<a href=\"https:\/\/www.idata.com.tr\/ita\/tr\"><strong>IDATA-VFS<\/strong><\/a>\u00a0\u015firketinin sundu\u011fu hizmetlerden faydalanabilir \u00a0(<strong>0 850 460 8493<\/strong>\u00a0numaral\u0131 telefondan bilgi edinebilir.)<\/p>\n<p style=\"text-align: justify;\">Rezervasyonlar <strong>buradan<\/strong> online randevu \u00fczerinden ger\u00e7ekle\u015fmektedir. Daha fazla ayr\u0131nt\u0131 i\u00e7in IDATA sitesine bakabilirsiniz.<\/p>\n<p style=\"text-align: justify;\"><strong>IDATA-VFS <\/strong>\u00f6zel bir \u015firkettir,\u00a0vize taleplerini kabul etmekle yetkilendirilmi\u015ftir. Vize taleplerinin de\u011ferlendirilmesi ve karara ba\u011flanmas\u0131 Konsoloslu\u011fun yetkisindedir.<\/p>\n<p style=\"text-align: justify;\">Vize ba\u015fvurusunun i\u015fleme al\u0131nmas\u0131na ili\u015fkin idari masraflar\u0131n tutar\u0131, ba\u015fvurunun teslim s\u0131ras\u0131nda \u00f6denmelidir.<\/p>\n<p style=\"text-align: justify;\"><strong>Ba\u015fvurular\u0131n u\u00e7us tarihinden \u00e7ok \u00f6nce yap\u0131lmas\u0131 tavsiye edilir.<\/strong><\/p>\n<p><strong>D\u0130KKAT: <\/strong>Randevu sisteminin do\u011fru ve verimli \u015fekilde kullan\u0131lmas\u0131n\u0131 sa\u011flamak ve vize ba\u015fvuru sahiplerinin menfaatlerini korumak amac\u0131yla, randevu al\u0131nd\u0131ktan sonra seyahat amac\u0131n\u0131n de\u011fi\u015ftirilmesi m\u00fcmk\u00fcn olmayacakt\u0131r.<\/p>\n<p>Schengen vize ba\u015fvurular\u0131nda, se\u00e7ilen randevu kategorisi ile sunulan belgeler aras\u0131nda uyumsuzluk tespit edilmesi durumunda, ba\u015fvuru kabul edilmeyecektir. Bu nedenle, randevu al\u0131m\u0131 s\u0131ras\u0131nda kategori se\u00e7imi hatal\u0131 yap\u0131lm\u0131\u015fsa, randevu iptal edilmeli ve ger\u00e7ek seyahat amac\u0131na uygun do\u011fru kategoriden yeniden al\u0131nmal\u0131d\u0131r.<\/p>\n<p class=\"x_MsoNormal\">Yanl\u0131\u015f kategoriden al\u0131nan randevular i\u00e7in \u00f6denmi\u015f olan iData hizmet bedeli iade edilmez ve do\u011fru kategori i\u00e7in yeniden \u00f6deme yap\u0131lmas\u0131 gerekmektedir<\/p>\n<p style=\"text-align: justify;\"><strong>2) RANDEVUSUZ VIZE BASVURULARI<\/strong><\/p>\n<p style=\"text-align: justify;\">\u0130talyan ve AB\u00a0vatanda\u015flar\u0131n\u0131n aile \u00fcyeleri de (e\u015fler ve alt soy), ayn\u0131 \u00e7al\u0131\u015fma vizesi i\u00e7in ba\u015fvuranlar gibi randevu almadan \u0130zmir IDATA\/VFS ofisinden ba\u015fvuru yapabilirler.<\/p>\n<p style=\"text-align: justify;\"><strong>3) PASAPORTUN SAH\u0130B\u0130NE \u0130ADES\u0130<\/strong><\/p>\n<p style=\"text-align: justify;\">Ba\u015fvuru sahibi, dosyas\u0131n\u0131n durumunu\u00a0<strong>IDATA-VFS<\/strong>\u00a0web sitesinde bulunan \u201c<a href=\"https:\/\/www.idata.com.tr\/ita\/tr\/p\/basvuru-takip-ita\"><strong>Ba\u015fvuru Takibi<\/strong><\/a>\u201d linkinden her an i\u00e7in takip edebilir.<\/p>\n<p style=\"text-align: justify;\"><strong>Pasaport IDATA-VFS ofisinden g\u00f6revli personelin bildirece\u011fi usul ve saatler \u00e7er\u00e7evesinde iade al\u0131n\u0131r.<\/strong><\/p>\n<p style=\"text-align: justify;\"><strong><br \/>\n<\/strong><strong>4) \u015eARTLAR VE BELGELER<\/strong><\/p>\n<p style=\"text-align: justify;\">Vize ba\u015fvuru formlar\u0131, davetiye\/misafir etme yaz\u0131 \u00f6rnekleri, tarifeler ve her vize t\u00fcr\u00fcne g\u00f6re ibraz edilecek belge listeleri,<a href=\"https:\/\/www.idata.com.tr\/ita\/tr\">\u00a0IDATA-VFS<\/a>\u2019nin web sitesinde mevcuttur.<\/p>\n<p style=\"text-align: justify;\"><strong>SCHENGEN V\u0130ZES\u0130<\/strong><\/p>\n<p style=\"text-align: justify;\"><a href=\"https:\/\/consizmir.esteri.it\/wp-content\/uploads\/2024\/09\/Nota-informativa-ENG_Schengen.pdf\">Schengen Vizesi ba\u015fvuru formunu indirmek i\u00e7in buraya t\u0131klay\u0131n\u0131z<\/a>.\u00a0<a href=\"https:\/\/consizmir.esteri.it\/wp-content\/uploads\/2024\/09\/Nota-informativa-ENG_Schengen.pdf\">Y\u00f6netmelik<\/a><\/p>\n<ul style=\"text-align: justify;\">\n<li>\u201c<a href=\"https:\/\/consizmir.esteri.it\/wp-content\/uploads\/2024\/09\/affari_ticari_tr1.pdf\"><strong>Ticari<\/strong><\/a>\u201d vizetalebinde gerekli olan belge listesi ile\u00a0<a href=\"https:\/\/consizmir.esteri.it\/wp-content\/uploads\/2024\/09\/lettera_invito_affari-1.pdf\">davetiye \u00f6rne\u011fi<\/a><\/li>\n<li style=\"text-align: justify;\">\u201c<a href=\"https:\/\/consizmir.esteri.it\/wp-content\/uploads\/2024\/09\/turismo_turizm_tr-11.pdf\"><strong>Turist<\/strong><\/a>\u201d vizetalebinde gerekli olan belge listesi<\/li>\n<li>\u201c<a href=\"https:\/\/consizmir.esteri.it\/wp-content\/uploads\/2025\/03\/Turismo-e-turismo-visita-familiare-e-amici-TR.pdf\"><strong>Turist \u2013 Aile ya da arkada\u015f ziyareti<\/strong><\/a>\u201d vize talebinde gerekli olan belge listesi ile\u00a0<a href=\"https:\/\/consizmir.esteri.it\/wp-content\/uploads\/2024\/09\/dichiarazione_ospitalita-1.pdf\">misafir etme taahh\u00fctname \u00f6rne\u011fi<\/a><\/li>\n<li>\u201c<a href=\"https:\/\/consizmir.esteri.it\/wp-content\/uploads\/2024\/09\/eventi_culturali_sportive_o_conferenze_tr.pdf\"><strong>Sportif m\u00fcsabakaya i\u015ftirak etme<\/strong><\/a>\u201d vizetalebinde gerekli olan belge listesi<\/li>\n<li>\u201c<a href=\"https:\/\/consizmir.esteri.it\/wp-content\/uploads\/2024\/09\/eventi_culturali_sportive_o_conferenze_tr.pdf\"><strong>K\u00fclt\u00fcrel etkinli\u011fe i\u015ftirak etme<\/strong><\/a>\u201d vizetalebinde gerekli olan belge listesi<\/li>\n<li>\u201c<strong><a href=\"https:\/\/consizmir.esteri.it\/wp-content\/uploads\/2024\/09\/trasporto_nakliye_tr1.pdf\">Nakliye<\/a><\/strong>\u201d vizetalebinde gerekli olan belge listesi<\/li>\n<li>\u201c<strong><a href=\"https:\/\/consizmir.esteri.it\/wp-content\/uploads\/2024\/09\/studio_c_gen_genel_egitim_tr1.pdf\">E\u011fitim<\/a><\/strong>\u201d vize talebinde gerekli olan belge listesi (<u>90 g\u00fcn\u00fc a\u015fmayan kurslar<\/u>)<\/li>\n<\/ul>\n<p style=\"text-align: justify;\"><strong>ULUSAL V\u0130ZE<\/strong><\/p>\n<p style=\"text-align: justify;\">Ulusal Vize ba\u015fvuru formunu indirmek i\u00e7in,\u00a0<a href=\"http:\/\/sedi2.esteri.it\/sitiweb\/amb_ankara\/formulario_nazionale.pdf\">buraya t\u0131klay\u0131n\u0131z<\/a><\/p>\n<ul style=\"text-align: justify;\">\n<li>\u201c<a href=\"https:\/\/consizmir.esteri.it\/wp-content\/uploads\/2025\/06\/Studio_D_immatricolazione_TR.pdf\"><strong>E\u011fitim<\/strong><\/a>\u201d vizetalebinde gerekli olan belge listesi (<u>90 g\u00fcn\u00fc a\u015fan kurslar<\/u>)<\/li>\n<li><a href=\"https:\/\/www.idata.com.tr\/assets\/documents\/pdf\/idata_document_2_Ankara_66_0_2.pdf\">\u201c\u00c7al\u0131\u015fma\u201d vize<\/a>talebinde gerekli olan belge listesi<\/li>\n<\/ul>\n<p style=\"text-align: justify;\">Di\u011fer vize t\u00fcrleri i\u00e7in\u00a0<a href=\"mailto:visti.ambankara@esteri.it\">visti.izmir@esteri.it<\/a> elektronik posta arac\u0131l\u0131\u011f\u0131 ile l\u00fctfen Konsoloslukla ileti\u015fime ge\u00e7iniz.<\/p>\n<p style=\"text-align: justify;\">\u00a0Konsolosluk belirtilen belgelerin d\u0131\u015f\u0131nda ilave belge talep etme hakk\u0131n\u0131 sakl\u0131 tutar. Talep edilen belgelerin ibraz edilmi\u015f olmas\u0131 vizenin verilece\u011fi anlam\u0131n\u0131 ta\u015f\u0131mamaktad\u0131r.<\/p>\n<p style=\"text-align: justify;\"><strong>5) SIK\u00c7A SORULAN SORULAR<\/strong><\/p>\n<p style=\"text-align: justify;\">\u201c<a href=\"https:\/\/ambankara.esteri.it\/wp-content\/uploads\/2023\/06\/website-amb-FAQ.pdf\"><strong>S\u0131k\u00e7a Sorulan Sorular<\/strong><\/a><strong>\u201d<\/strong>\u00a0b\u00f6l\u00fcm\u00fcnde farkl\u0131 vize t\u00fcrleri ile ilgili olarak y\u00f6neltilen sorular\u0131n bir\u00e7o\u011funa cevap verilmektedir.<\/p>\n<p style=\"text-align: justify;\">Gerekti\u011finde ilave bilgi edinmek i\u00e7in\u00a0<strong>IDATA-VFS<\/strong>\u2019ye\u00a0<strong>0 850 460 8493<\/strong>\u00a0numaral\u0131 telefon arac\u0131l\u0131\u011f\u0131yla ula\u015fabilir.<\/p>\n<p style=\"text-align: justify;\">Vize ba\u015fvurusunda bulunmadan \u00f6nce, ba\u015fvuru yapacak olan ki\u015filerin \u0130talya ve Schengen b\u00f6lgesi vize i\u015flemleri i\u00e7in ki\u015fisel verilerinin kullan\u0131lmas\u0131 ile ilgili ger\u00e7ek ki\u015filerin korunmas\u0131 hakk\u0131nda bilgilendirmeyi\u00a0<a href=\"https:\/\/ambankara.esteri.it\/wp-content\/uploads\/2023\/05\/versione_turca_ambasciata_dati_personali_3.pdf\">buraya t\u0131klayarak<\/a>\u00a0dikkatlice okumalar\u0131 tembih edilir.<\/p>\n<p style=\"text-align: justify;\">A\u015fa\u011f\u0131da listesi verilmi\u015f \u00fclkelerde 4 haftan\u0131n \u00fczerinde kalm\u0131\u015f olan herkes vize ba\u015fvurusu i\u00e7in istenen belgelerin haricinde ( Somali, Afganistan, Pakistan, Nijerya, Suriye, Demokratik Kongo Cumhuriyeti ve Kenya), yapm\u0131\u015f oldu\u011fu s\u00f6z konusu yolculu\u011fun 6 ay \u00f6ncesi ve yolculu\u011funu kapsayan 4 hafta aras\u0131nda \u00e7ocuk felci (Poliomyelit) a\u015f\u0131s\u0131 yapt\u0131rd\u0131\u011f\u0131n\u0131 g\u00f6steren uluslararas\u0131 a\u015f\u0131 kart\u0131n\u0131 da ibraz etmekle y\u00fck\u00fcml\u00fcd\u00fcr.<\/p>\n","protected":false},"excerpt":{"rendered":"\u0130talya\u2019ya giri\u015f vizelerinin t\u00fcr\u00fc, mevzuat\u0131 ve \u015fartlar\u0131 ile ilgili genel bilgiler,\u00a0\u0130talyan D\u0131\u015fi\u015fleri\u00a0Bakanl\u0131\u011f\u0131n\u0131n\u00a0\u0130talya Vizesi sitesinde\u00a0mevcuttur. 1) V\u0130ZE TALEB\u0130N\u0130N SUNULMASI \u0130zmir\u2019deki \u0130talyan Konsoloslu\u011fu a\u015fa\u011f\u0131daki illerden sorumludur: \u0130ZM\u0130R \u2013 AKSARAY \u2013 ADANA \u2013 AYFON \u2013 ANTALYA \u2013 AYDIN \u2013 BALIKES\u0130R \u2013 BURDUR \u2013 DEN\u0130ZL\u0130 \u2013 ISPARTA \u2013 KARAMAN \u2013 KAYSER\u0130 \u2013 KONYA \u2013 MAN\u0130SA \u2013 MERS\u0130N \u2013 MU\u011eLA [&hellip;]","protected":false},"author":2,"featured_media":0,"parent":189,"menu_order":0,"comment_status":"closed","ping_status":"closed","template":"","meta":{"footnotes":""},"class_list":["post-218","page","type-page","status-publish","hentry"],"_links":{"self":[{"href":"https:\/\/consizmir.esteri.it\/tr\/wp-json\/wp\/v2\/pages\/218","targetHints":{"allow":["GET"]}}],"collection":[{"href":"https:\/\/consizmir.esteri.it\/tr\/wp-json\/wp\/v2\/pages"}],"about":[{"href":"https:\/\/consizmir.esteri.it\/tr\/wp-json\/wp\/v2\/types\/page"}],"author":[{"embeddable":true,"href":"https:\/\/consizmir.esteri.it\/tr\/wp-json\/wp\/v2\/users\/2"}],"replies":[{"embeddable":true,"href":"https:\/\/consizmir.esteri.it\/tr\/wp-json\/wp\/v2\/comments?post=218"}],"version-history":[{"count":6,"href":"https:\/\/consizmir.esteri.it\/tr\/wp-json\/wp\/v2\/pages\/218\/revisions"}],"predecessor-version":[{"id":3781,"href":"https:\/\/consizmir.esteri.it\/tr\/wp-json\/wp\/v2\/pages\/218\/revisions\/3781"}],"up":[{"embeddable":true,"href":"https:\/\/consizmir.esteri.it\/tr\/wp-json\/wp\/v2\/pages\/189"}],"wp:attachment":[{"href":"https:\/\/consizmir.esteri.it\/tr\/wp-json\/wp\/v2\/media?parent=218"}],"curies":[{"name":"wp","href":"https:\/\/api.w.org\/{rel}","templated":true}]}}